{"version":"1.0","provider_name":"AGRIWEB TV","provider_url":"https:\/\/agriweb.tv","author_name":"Nicolas Vidil","author_url":"https:\/\/agriweb.tv\/index.php\/author\/nv07\/","title":"Revoir la Conf\u00e9rence : \"Le cheval dans la vigne\" - AGRIWEB TV","type":"rich","width":600,"height":338,"html":"<blockquote class=\"wp-embedded-content\" data-secret=\"dGSn1GII3o\"><a href=\"https:\/\/agriweb.tv\/index.php\/film\/10h-conference-le-cheval-dans-la-vigne\/\">Revoir la Conf\u00e9rence : \u00ab\u00a0Le cheval dans la vigne\u00a0\u00bb<\/a><\/blockquote><iframe sandbox=\"allow-scripts\" security=\"restricted\" src=\"https:\/\/agriweb.tv\/index.php\/film\/10h-conference-le-cheval-dans-la-vigne\/embed\/#?secret=dGSn1GII3o\" width=\"600\" height=\"338\" title=\"\u00ab\u00a0Revoir la Conf\u00e9rence : \u00ab\u00a0Le cheval dans la vigne\u00a0\u00bb\u00a0\u00bb &#8212; AGRIWEB TV\" data-secret=\"dGSn1GII3o\" frameborder=\"0\" marginwidth=\"0\" marginheight=\"0\" scrolling=\"no\" class=\"wp-embedded-content\"><\/iframe><script type=\"text\/javascript\">\n\/* <![CDATA[ *\/\n\/*! This file is auto-generated *\/\n!function(d,l){\"use strict\";l.querySelector&&d.addEventListener&&\"undefined\"!=typeof URL&&(d.wp=d.wp||{},d.wp.receiveEmbedMessage||(d.wp.receiveEmbedMessage=function(e){var t=e.data;if((t||t.secret||t.message||t.value)&&!\/[^a-zA-Z0-9]\/.test(t.secret)){for(var s,r,n,a=l.querySelectorAll('iframe[data-secret=\"'+t.secret+'\"]'),o=l.querySelectorAll('blockquote[data-secret=\"'+t.secret+'\"]'),c=new RegExp(\"^https?:$\",\"i\"),i=0;i<o.length;i++)o[i].style.display=\"none\";for(i=0;i<a.length;i++)s=a[i],e.source===s.contentWindow&&(s.removeAttribute(\"style\"),\"height\"===t.message?(1e3<(r=parseInt(t.value,10))?r=1e3:~~r<200&&(r=200),s.height=r):\"link\"===t.message&&(r=new URL(s.getAttribute(\"src\")),n=new URL(t.value),c.test(n.protocol))&&n.host===r.host&&l.activeElement===s&&(d.top.location.href=t.value))}},d.addEventListener(\"message\",d.wp.receiveEmbedMessage,!1),l.addEventListener(\"DOMContentLoaded\",function(){for(var e,t,s=l.querySelectorAll(\"iframe.wp-embedded-content\"),r=0;r<s.length;r++)(t=(e=s[r]).getAttribute(\"data-secret\"))||(t=Math.random().toString(36).substring(2,12),e.src+=\"#?secret=\"+t,e.setAttribute(\"data-secret\",t)),e.contentWindow.postMessage({message:\"ready\",secret:t},\"*\")},!1)))}(window,document);\n\/* ]]> *\/\n<\/script>\n","thumbnail_url":"https:\/\/agriweb.tv\/wp-content\/uploads\/2021\/05\/17mai10h-L.jpg","thumbnail_width":1832,"thumbnail_height":1068,"description":"CONF\u00c9RENCE en direct : lundi 17 mai de 10h \u00e0 12 h 30 au Ch\u00e2teau Soutard (Saint-Emilion) Alors que plusieurs \u00e9tudes ont montr\u00e9 que le remplacement du tracteur par le cheval s\u2019accompagne d\u2019une augmentation de 40% de l\u2019activit\u00e9 biologique du sol au bout de trois ans, et d\u2019une baisse de 30 \u00e0 90% les risques [&hellip;]"}