{"version":"1.0","provider_name":"AGRIWEB TV","provider_url":"https:\/\/agriweb.tv","author_name":"l.candelon","author_url":"https:\/\/agriweb.tv\/index.php\/author\/l-candelon\/","title":"Du soja landais pour l\u2019alimentation animale - AGRIWEB TV","type":"rich","width":600,"height":338,"html":"<blockquote class=\"wp-embedded-content\" data-secret=\"WGpXoqDA0g\"><a href=\"https:\/\/agriweb.tv\/index.php\/film\/du-soja-landais-pour-lalimentation-animale\/\">Du soja landais pour l\u2019alimentation animale<\/a><\/blockquote><iframe sandbox=\"allow-scripts\" security=\"restricted\" src=\"https:\/\/agriweb.tv\/index.php\/film\/du-soja-landais-pour-lalimentation-animale\/embed\/#?secret=WGpXoqDA0g\" width=\"600\" height=\"338\" title=\"\u00ab\u00a0Du soja landais pour l\u2019alimentation animale\u00a0\u00bb &#8212; AGRIWEB TV\" data-secret=\"WGpXoqDA0g\" frameborder=\"0\" marginwidth=\"0\" marginheight=\"0\" scrolling=\"no\" class=\"wp-embedded-content\"><\/iframe><script type=\"text\/javascript\">\n\/* <![CDATA[ *\/\n\/*! This file is auto-generated *\/\n!function(d,l){\"use strict\";l.querySelector&&d.addEventListener&&\"undefined\"!=typeof URL&&(d.wp=d.wp||{},d.wp.receiveEmbedMessage||(d.wp.receiveEmbedMessage=function(e){var t=e.data;if((t||t.secret||t.message||t.value)&&!\/[^a-zA-Z0-9]\/.test(t.secret)){for(var s,r,n,a=l.querySelectorAll('iframe[data-secret=\"'+t.secret+'\"]'),o=l.querySelectorAll('blockquote[data-secret=\"'+t.secret+'\"]'),c=new RegExp(\"^https?:$\",\"i\"),i=0;i<o.length;i++)o[i].style.display=\"none\";for(i=0;i<a.length;i++)s=a[i],e.source===s.contentWindow&&(s.removeAttribute(\"style\"),\"height\"===t.message?(1e3<(r=parseInt(t.value,10))?r=1e3:~~r<200&&(r=200),s.height=r):\"link\"===t.message&&(r=new URL(s.getAttribute(\"src\")),n=new URL(t.value),c.test(n.protocol))&&n.host===r.host&&l.activeElement===s&&(d.top.location.href=t.value))}},d.addEventListener(\"message\",d.wp.receiveEmbedMessage,!1),l.addEventListener(\"DOMContentLoaded\",function(){for(var e,t,s=l.querySelectorAll(\"iframe.wp-embedded-content\"),r=0;r<s.length;r++)(t=(e=s[r]).getAttribute(\"data-secret\"))||(t=Math.random().toString(36).substring(2,12),e.src+=\"#?secret=\"+t,e.setAttribute(\"data-secret\",t)),e.contentWindow.postMessage({message:\"ready\",secret:t},\"*\")},!1)))}(window,document);\n\/* ]]> *\/\n<\/script>\n","thumbnail_url":"https:\/\/agriweb.tv\/wp-content\/uploads\/2020\/11\/David-Labarthe.jpg","thumbnail_width":300,"thumbnail_height":426,"description":"Les adh\u00e9rents du Groupe coop\u00e9ratif Ma\u00efsadour cultivent du soja dans les Landes.\u00a0David Labarthe, agriculteur adh\u00e9rent install\u00e9 \u00e0 B\u00e9gaar et Philippe P\u00e9an, responsable du service agronomie de Ma\u00efsadour, expliquent l\u2019int\u00e9r\u00eat de cette culture depuis l\u2019exploitation. Du champ \u00e0 l\u2019usine : la suite du reportage a \u00e9t\u00e9 tourn\u00e9e \u00e0 Haut-Mauco o\u00f9 Jean-Louis Zwick, directeur du P\u00f4le Agricole, [&hellip;]"}