{"version":"1.0","provider_name":"AGRIWEB TV","provider_url":"https:\/\/agriweb.tv","author_name":"l.candelon","author_url":"https:\/\/agriweb.tv\/index.php\/author\/l-candelon\/","title":"Entre m\u00e9thanisation et production laiti\u00e8re - AGRIWEB TV","type":"rich","width":600,"height":338,"html":"<blockquote class=\"wp-embedded-content\" data-secret=\"8ghL5524n7\"><a href=\"https:\/\/agriweb.tv\/index.php\/film\/entre-methanisation-et-production-laitiere\/\">Entre m\u00e9thanisation et production laiti\u00e8re<\/a><\/blockquote><iframe sandbox=\"allow-scripts\" security=\"restricted\" src=\"https:\/\/agriweb.tv\/index.php\/film\/entre-methanisation-et-production-laitiere\/embed\/#?secret=8ghL5524n7\" width=\"600\" height=\"338\" title=\"\u00ab\u00a0Entre m\u00e9thanisation et production laiti\u00e8re\u00a0\u00bb &#8212; AGRIWEB TV\" data-secret=\"8ghL5524n7\" frameborder=\"0\" marginwidth=\"0\" marginheight=\"0\" scrolling=\"no\" class=\"wp-embedded-content\"><\/iframe><script type=\"text\/javascript\">\n\/* <![CDATA[ *\/\n\/*! This file is auto-generated *\/\n!function(d,l){\"use strict\";l.querySelector&&d.addEventListener&&\"undefined\"!=typeof URL&&(d.wp=d.wp||{},d.wp.receiveEmbedMessage||(d.wp.receiveEmbedMessage=function(e){var t=e.data;if((t||t.secret||t.message||t.value)&&!\/[^a-zA-Z0-9]\/.test(t.secret)){for(var s,r,n,a=l.querySelectorAll('iframe[data-secret=\"'+t.secret+'\"]'),o=l.querySelectorAll('blockquote[data-secret=\"'+t.secret+'\"]'),c=new RegExp(\"^https?:$\",\"i\"),i=0;i<o.length;i++)o[i].style.display=\"none\";for(i=0;i<a.length;i++)s=a[i],e.source===s.contentWindow&&(s.removeAttribute(\"style\"),\"height\"===t.message?(1e3<(r=parseInt(t.value,10))?r=1e3:~~r<200&&(r=200),s.height=r):\"link\"===t.message&&(r=new URL(s.getAttribute(\"src\")),n=new URL(t.value),c.test(n.protocol))&&n.host===r.host&&l.activeElement===s&&(d.top.location.href=t.value))}},d.addEventListener(\"message\",d.wp.receiveEmbedMessage,!1),l.addEventListener(\"DOMContentLoaded\",function(){for(var e,t,s=l.querySelectorAll(\"iframe.wp-embedded-content\"),r=0;r<s.length;r++)(t=(e=s[r]).getAttribute(\"data-secret\"))||(t=Math.random().toString(36).substring(2,12),e.src+=\"#?secret=\"+t,e.setAttribute(\"data-secret\",t)),e.contentWindow.postMessage({message:\"ready\",secret:t},\"*\")},!1)))}(window,document);\n\/* ]]> *\/\n<\/script>\n","thumbnail_url":"https:\/\/agriweb.tv\/wp-content\/uploads\/2020\/11\/Jerome-Breuil.jpg","thumbnail_width":600,"thumbnail_height":569,"description":"Rencontre avec J\u00e9r\u00f4me Breuil, agriculteur, \u00e9leveur de vaches laiti\u00e8res, \u00e0 Allassac en Corr\u00e8ze. Actuellement, il s\u2019occupe de pr\u00e9parer ses terres pour planter du ma\u00efs qui servira \u00e0 la fois au fourrage de ses b\u00eates et \u00e0 son unit\u00e9 de m\u00e9thanisation. J\u00e9r\u00f4me continue son activit\u00e9 de transformation de lait. \u00c0 la ferme de la Prade, on [&hellip;]"}