{"version":"1.0","provider_name":"AGRIWEB TV","provider_url":"https:\/\/agriweb.tv","author_name":"l.candelon","author_url":"https:\/\/agriweb.tv\/index.php\/author\/l-candelon\/","title":"[SAINT-SEVER] L\u2019\u00e9levage en libert\u00e9 - AGRIWEB TV","type":"rich","width":600,"height":338,"html":"<blockquote class=\"wp-embedded-content\" data-secret=\"flMPWUdeTK\"><a href=\"https:\/\/agriweb.tv\/index.php\/film\/saint-sever-lelevage-en-liberte\/\">[SAINT-SEVER] L\u2019\u00e9levage en libert\u00e9<\/a><\/blockquote><iframe sandbox=\"allow-scripts\" security=\"restricted\" src=\"https:\/\/agriweb.tv\/index.php\/film\/saint-sever-lelevage-en-liberte\/embed\/#?secret=flMPWUdeTK\" width=\"600\" height=\"338\" title=\"\u00ab\u00a0[SAINT-SEVER] L\u2019\u00e9levage en libert\u00e9\u00a0\u00bb &#8212; AGRIWEB TV\" data-secret=\"flMPWUdeTK\" frameborder=\"0\" marginwidth=\"0\" marginheight=\"0\" scrolling=\"no\" class=\"wp-embedded-content\"><\/iframe><script type=\"text\/javascript\">\n\/* <![CDATA[ *\/\n\/*! This file is auto-generated *\/\n!function(d,l){\"use strict\";l.querySelector&&d.addEventListener&&\"undefined\"!=typeof URL&&(d.wp=d.wp||{},d.wp.receiveEmbedMessage||(d.wp.receiveEmbedMessage=function(e){var t=e.data;if((t||t.secret||t.message||t.value)&&!\/[^a-zA-Z0-9]\/.test(t.secret)){for(var s,r,n,a=l.querySelectorAll('iframe[data-secret=\"'+t.secret+'\"]'),o=l.querySelectorAll('blockquote[data-secret=\"'+t.secret+'\"]'),c=new RegExp(\"^https?:$\",\"i\"),i=0;i<o.length;i++)o[i].style.display=\"none\";for(i=0;i<a.length;i++)s=a[i],e.source===s.contentWindow&&(s.removeAttribute(\"style\"),\"height\"===t.message?(1e3<(r=parseInt(t.value,10))?r=1e3:~~r<200&&(r=200),s.height=r):\"link\"===t.message&&(r=new URL(s.getAttribute(\"src\")),n=new URL(t.value),c.test(n.protocol))&&n.host===r.host&&l.activeElement===s&&(d.top.location.href=t.value))}},d.addEventListener(\"message\",d.wp.receiveEmbedMessage,!1),l.addEventListener(\"DOMContentLoaded\",function(){for(var e,t,s=l.querySelectorAll(\"iframe.wp-embedded-content\"),r=0;r<s.length;r++)(t=(e=s[r]).getAttribute(\"data-secret\"))||(t=Math.random().toString(36).substring(2,12),e.src+=\"#?secret=\"+t,e.setAttribute(\"data-secret\",t)),e.contentWindow.postMessage({message:\"ready\",secret:t},\"*\")},!1)))}(window,document);\n\/* ]]> *\/\n<\/script>\n","thumbnail_url":"https:\/\/agriweb.tv\/wp-content\/uploads\/2020\/12\/Bernard-Thibaud-Tauzia.jpg","thumbnail_width":1000,"thumbnail_height":605,"description":"Bernard Tauzia et son fils Thibaud, \u00e9l\u00e8vent des volailles en libert\u00e9, au c\u0153ur de la for\u00eat landaise (Campagne (40)). Ils sont adh\u00e9rents de Ma\u00efsadour et nous parle du premier label rouge cr\u00e9\u00e9 par Ma\u00efsadour en 1965, et des particularit\u00e9 de cet \u00e9levage de qualit\u00e9. Ils sont le parfait exemple de la transmission de la passion [&hellip;]"}