{"id":4862,"date":"2021-09-11T15:35:20","date_gmt":"2021-09-11T13:35:20","guid":{"rendered":"https:\/\/agriweb.tv\/?page_id=4862"},"modified":"2021-09-11T16:26:43","modified_gmt":"2021-09-11T14:26:43","slug":"revivre-tech-ovin-a-bellac-en-haute-vienne","status":"publish","type":"page","link":"https:\/\/agriweb.tv\/index.php\/revivre-tech-ovin-a-bellac-en-haute-vienne\/","title":{"rendered":"Revivre Tech Ovin \u00e0 Bellac en Haute-Vienne"},"content":{"rendered":"\n<div class=\"wp-block-buttons is-layout-flex wp-block-buttons-is-layout-flex\"><\/div>\n\n\n\n<h3 class=\"wp-block-heading\"><span class=\"has-inline-color has-luminous-vivid-orange-color\">Agriweb TV \u00e9tait \u00e0&nbsp;<a href=\"https:\/\/www.facebook.com\/Techovin\/?__tn__=kK-R\">Tech Ovin<\/a>&nbsp;2021 ces 8 et 9 septembre \u00e0 Bellac en Haute-Vienne. <\/span><\/h3>\n\n\n\n<p><strong>Des vid\u00e9os \u00e0 suivre <strong>ici<\/strong><\/strong> <strong>et \u00e0 retrouver et sur les r\u00e9seaux sociaux du <a href=\"https:\/\/www.facebook.com\/SalondelagricultureNouvelleAquitaine\/\"><span class=\"has-inline-color has-luminous-vivid-orange-color\">Salon de l&rsquo;Agriculture Nouvelle-Aquitaine<\/span><\/a><\/strong><\/p>\n\n\n\n<p>Claude Souchaud, le pr\u00e9sident, nous fait d\u00e9couvrir ce salon national du mouton&nbsp;<img loading=\"lazy\" decoding=\"async\" height=\"16\" width=\"16\" alt=\"\ud83d\udc11\" src=\"https:\/\/static.xx.fbcdn.net\/images\/emoji.php\/v9\/tc5\/1.5\/16\/1f411.png\"><img loading=\"lazy\" decoding=\"async\" height=\"16\" width=\"16\" alt=\"\ud83d\udc11\" src=\"https:\/\/static.xx.fbcdn.net\/images\/emoji.php\/v9\/tc5\/1.5\/16\/1f411.png\"><\/p>\n\n\n\n<iframe loading=\"lazy\" src=\"https:\/\/www.facebook.com\/plugins\/video.php?height=317&#038;href=https%3A%2F%2Fwww.facebook.com%2FSalondelagricultureNouvelleAquitaine%2Fvideos%2F177315081141952%2F&#038;show_text=false&#038;width=560&#038;t=0\" width=\"1920\" height=\"1080\" style=\"border:none;overflow:hidden\" scrolling=\"no\" frameborder=\"0\" allowfullscreen=\"true\" allow=\"autoplay; clipboard-write; encrypted-media; picture-in-picture; web-share\" allowFullScreen=\"true\"><\/iframe>\n\n\n\n<p>Michel Bataille, \u00e9leveur ovin en Creuse\n\ud83c\udfa5 Dans les all\u00e9es de Tech Ovin 2021, on croise bien entendu des \u00e9leveurs comme Michel. Il nous pr\u00e9sente ses Romanov. \ud83d\udc11\ud83d\udc11\ud83d\udc11<\/p>\n\n\n<p><iframe loading=\"lazy\" src=\"https:\/\/www.facebook.com\/plugins\/video.php?height=317&amp;href=https%3A%2F%2Fwww.facebook.com%2FSalondelagricultureNouvelleAquitaine%2Fvideos%2F1346489185800296%2F&amp;show_text=false&amp;width=560&amp;t=0\" width=\"1920\" height=\"1080\" style=\"border:none;overflow:hidden\" scrolling=\"no\" frameborder=\"0\" allowfullscreen=\"true\" allow=\"autoplay; clipboard-write; encrypted-media; picture-in-picture; web-share\"><\/iframe><\/p>\n\n\n<p>Olivier Maurin, producteur d&rsquo;Ossau-Iraty en B\u00e9arn\n\ud83c\udfa5\u00c0 Bellac, au salon Tech Ovin, on peut aussi d\u00e9guster de bons produits. Notamment un fromage bien connu de notre r\u00e9gion \u00e0 base de lait de brebis : l&rsquo;Ossau-Iraty. D\u00e9gustation en compagnie d&rsquo;Olivier Maurin, producteur fermier b\u00e9arnais ! \ud83d\udc11\ud83d\udc11\ud83d\udc11<\/p>\n\n\n<p><iframe loading=\"lazy\" src=\"https:\/\/www.facebook.com\/plugins\/video.php?height=314&amp;href=https%3A%2F%2Fwww.facebook.com%2FSalondelagricultureNouvelleAquitaine%2Fvideos%2F387035559674991%2F&amp;show_text=false&amp;width=560&amp;t=0\" width=\"1920\" height=\"1080\" style=\"border:none;overflow:hidden\" scrolling=\"no\" frameborder=\"0\" allowfullscreen=\"true\" allow=\"autoplay; clipboard-write; encrypted-media; picture-in-picture; web-share\"><\/iframe><\/p>\n\n\n<p>D\u00e9monstration de tonte de mouton \u00e0 Tech Ovin avec Elodie\n\ud83c\udfa5 Tech Ovin se poursuit ce jeudi 9 septembre. Vous pourrez assister \u00e0 une d\u00e9monstration de tonte de mouton. Elodie nous fait d\u00e9couvrir cela \ud83d\udc11\ud83d\udc11\ud83d\udc11<\/p>\n\n\n<p><iframe loading=\"lazy\" src=\"https:\/\/www.facebook.com\/plugins\/video.php?height=314&amp;href=https%3A%2F%2Fwww.facebook.com%2FSalondelagricultureNouvelleAquitaine%2Fvideos%2F3085734075048326%2F&amp;show_text=false&amp;width=560&amp;t=0\" width=\"1920\" height=\"1080\" style=\"border:none;overflow:hidden\" scrolling=\"no\" frameborder=\"0\" allowfullscreen=\"true\" allow=\"autoplay; clipboard-write; encrypted-media; picture-in-picture; web-share\"><\/iframe><\/p>\n\n<div class=\"lazyblock-carousel-1FgQNu wp-block-lazyblock-carousel\"><div class=\"row pb-3 bandeau\"><div class=\"col-12\"><h3>PAROLES D&#039;AGRI<\/h3><p>Les agriculteurs ont la parole : d\u00e9couvrez le quotidien du m\u00e9tier d&#039;agriculteur<\/p><\/div><\/div><div class=\"slider responsive format-3 mb-5\" id=\"slider-emission-1639719028\"><div class=\"multiple px-1\"><a href=\"https:\/\/agriweb.tv\/index.php\/film\/charlotte-peyraube-eleveuse-de-volailles-et-palmipedes-dans-les-landes\/?t=emission&#038;n=Paroles d\u2019agriculteurs\"><div class=\"thumb\"><img decoding=\"async\" src=\"https:\/\/agriweb.tv\/wp-content\/uploads\/2024\/06\/Charlotte-Peyraube-v.jpg\"><\/div><div class=\"gradiented\"><\/div><div class=\"barre\"><hr><\/div><div class=\"title\"><h4>Volailles et palmip\u00e8des<\/h4><h5>en fili\u00e8re longue : les 3 vies de Charlotte<\/h5><\/div><div class=\"more\"><div class=\"title\"><h4>Charlotte Peyraube \u00e9leveuse de volailles et palmip\u00e8des dans les Landes<\/h4><\/div><p class=\"grey\">1 min 59 | Diffus\u00e9 le 03\/06\/2024<\/p><p>Accompagn\u00e9e par la Chambre d&rsquo;agriculture au travers de conseils pour concilier projet personnel, projet de femme et projet d&rsquo;agricultrice.<\/p><\/div><\/div><\/a><div class=\"multiple px-1\"><a href=\"https:\/\/agriweb.tv\/index.php\/film\/noemie-tanneau-vigneronne-engagee-de-lannee-au-coeur-du-vignoble-de-lussac-st-emilion\/?t=emission&#038;n=Paroles d\u2019agriculteurs\"><div class=\"thumb\"><img decoding=\"async\" src=\"https:\/\/agriweb.tv\/wp-content\/uploads\/2024\/06\/Noemie-Tanneau-v-2.jpg\"><\/div><div class=\"gradiented\"><\/div><div class=\"barre\"><hr><\/div><div class=\"title\"><h4>No\u00e9mie Tanneau<\/h4><h5>Vigneronne engag\u00e9e de l&rsquo;ann\u00e9e<\/h5><\/div><div class=\"more\"><div class=\"title\"><h4>No\u00e9mie Tanneau \u00ab Vigneronne engag\u00e9e de l&rsquo;ann\u00e9e \u00bb au c\u0153ur du vignoble de Lussac-St Emilion<\/h4><\/div><p class=\"grey\">2 min | Diffus\u00e9 le 21\/05\/2024<\/p><p>\u00ab\u00a0Je m\u2019occupe aussi bien de la gestion du vignoble, du tracteur, de l\u2019\u00e9laboration des vins, de l\u2019\u0153notourisme, de la commercialisation &#8230;\u00a0\u00bb<\/p><\/div><\/div><\/a><div class=\"multiple px-1\"><a href=\"https:\/\/agriweb.tv\/index.php\/film\/loic-kernanet-en-gaec-hors-cadre-en-correze\/?t=emission&#038;n=Paroles d\u2019agriculteurs\"><div class=\"thumb\"><img decoding=\"async\" src=\"https:\/\/agriweb.tv\/wp-content\/uploads\/2024\/06\/Loic-v.jpg\"><\/div><div class=\"gradiented\"><\/div><div class=\"barre\"><hr><\/div><div class=\"title\"><h4>Lo\u00efc Kernanet<\/h4><h5>GAEC \u00ab\u00a0Hors Cadre\u00a0\u00bb en Corr\u00e8ze<\/h5><\/div><div class=\"more\"><div class=\"title\"><h4>Lo\u00efc Kernanet en GAEC \u00ab\u00a0Hors Cadre\u00a0\u00bb en Corr\u00e8ze<\/h4><\/div><p class=\"grey\">2 min 10 | Diffus\u00e9 le 21\/05\/2024<\/p><p>Des parcours tr\u00e8s diff\u00e9rents : Alice, ancienne stagiaire de BTS, Sylvain avec son atelier de mara\u00eechage, Sophie \u00e9tait pharmacienne \u00e0 Paris, Harmonie ex boulang\u00e8re en reconversion&#8230;<\/p><\/div><\/div><\/a><div class=\"multiple px-1\"><a href=\"https:\/\/agriweb.tv\/index.php\/film\/gregory-pret-a-relever-tous-les-defis-de-la-production-de-fraises-en-dordogne\/?t=emission&#038;n=Paroles d\u2019agriculteurs\"><div class=\"thumb\"><img decoding=\"async\" src=\"https:\/\/agriweb.tv\/wp-content\/uploads\/2024\/06\/Patricia-Rebillou-v.jpg\"><\/div><div class=\"gradiented\"><\/div><div class=\"barre\"><hr><\/div><div class=\"title\"><h4>La fraise<\/h4><h5>un fruit plaisir &#038; gourmand<\/h5><\/div><div class=\"more\"><div class=\"title\"><h4>Gr\u00e9gory pr\u00eat \u00e0 relever tous les d\u00e9fis de la production de fraises en Dordogne<\/h4><\/div><p class=\"grey\">2 min 36 | Diffus\u00e9 le 03\/06\/2024<\/p><p>Patricia REBILLOU, transmet son exploitation \u00e0 son fils qui pr\u00e9pare la suite de l&rsquo;histoire familiale commenc\u00e9e en 1905<\/p><\/div><\/div><\/a><div class=\"multiple px-1\"><a href=\"https:\/\/agriweb.tv\/index.php\/film\/jean-baptiste-cazale-producteur-de-noisettes-dans-le-bearn\/?t=emission&#038;n=Paroles d\u2019agriculteurs\"><div class=\"thumb\"><img decoding=\"async\" src=\"https:\/\/agriweb.tv\/wp-content\/uploads\/2020\/03\/JB-CAZALE.jpg\"><\/div><div class=\"gradiented\"><\/div><div class=\"barre\"><hr><\/div><div class=\"title\"><h4>Jean-Baptiste Cazal\u00e9<\/h4><h5>producteur de noisettes dans le B\u00e9arn<\/h5><\/div><div class=\"more\"><div class=\"title\"><h4>Jean-Baptiste Cazal\u00e9, producteur de noisettes dans le B\u00e9arn<\/h4><\/div><p class=\"grey\">3 min<\/p><p>Une interview \u00e0 ne pas manquer<\/p><\/div><\/div><\/a><div class=\"multiple px-1\"><a href=\"https:\/\/agriweb.tv\/index.php\/film\/la-transmission-dune-exploitation-prunicole-un-enjeu-aux-multiples-acteurs\/?t=emission&#038;n=Paroles d\u2019agriculteurs\"><div class=\"thumb\"><img decoding=\"async\" src=\"https:\/\/agriweb.tv\/wp-content\/uploads\/2024\/03\/Theophile-v.jpg\"><\/div><div class=\"gradiented\"><\/div><div class=\"barre\"><hr><\/div><div class=\"title\"><h4>La transmission <\/h4><h5>d\u2019une exploitation prunicole<\/h5><\/div><div class=\"more\"><div class=\"title\"><h4>La transmission d\u2019une exploitation prunicole, un enjeu aux multiples acteurs<\/h4><\/div><p class=\"grey\">3 min 24 | Diffus\u00e9 le 15\/03\/2024<\/p><p>un enjeu aux multiples acteurs dans le cadre de la Conf\u00e9rence D\u00e9partementale du Foncier Rural dans le Lot-et-Garonne<\/p><\/div><\/div><\/a><div class=\"multiple px-1\"><a href=\"https:\/\/agriweb.tv\/index.php\/film\/passionnee-par-ses-bazadaises\/?t=emission&#038;n=Paroles d\u2019agriculteurs\"><div class=\"thumb\"><img decoding=\"async\" src=\"https:\/\/agriweb.tv\/wp-content\/uploads\/2020\/05\/B-Walton.jpg\"><\/div><div class=\"gradiented\"><\/div><div class=\"barre\"><hr><\/div><div class=\"title\"><h4>B\u00e9r\u00e9nice Walton <\/h4><h5>Passionn\u00e9e par ses Bazadaises<\/h5><\/div><div class=\"more\"><div class=\"title\"><h4>Passionn\u00e9e par ses Bazadaises<\/h4><\/div><p class=\"grey\">4 min 04 | Diffus\u00e9 le 15\/05\/2020<\/p><p>B\u00e9r\u00e9nice Walton est \u00e9leveuse de Bazadaises \u00e0 Arveyres en Gironde<\/p><\/div><\/div><\/a><div class=\"multiple px-1\"><a href=\"https:\/\/agriweb.tv\/index.php\/film\/visite-chez-guillaume-vandenberghe-eleveur-de-limousines\/?t=emission&#038;n=Paroles d\u2019agriculteurs\"><div class=\"thumb\"><img decoding=\"async\" src=\"https:\/\/agriweb.tv\/wp-content\/uploads\/2024\/05\/Guillaume-v.jpg\"><\/div><div class=\"gradiented\"><\/div><div class=\"barre\"><hr><\/div><div class=\"title\"><h4>Visite chez Guillaume Vandenberghe<\/h4><h5>\u00c9galement juge international<\/h5><\/div><div class=\"more\"><div class=\"title\"><h4>Visite chez  Guillaume Vandenberghe, \u00e9leveur de limousines<\/h4><\/div><p class=\"grey\">13 min | Diffus\u00e9 le 19\/05\/2024<\/p><p>\u00c9galement juge international, il mise sur l\u2019autonomie alimentaire avec le p\u00e2turage tournant, la culture de soja et de luzerne.<\/p><\/div><\/div><\/a><div class=\"multiple px-1\"><a href=\"https:\/\/agriweb.tv\/index.php\/film\/dans-le-quotidien-dun-cremier-bordelais\/?t=emission&#038;n=Paroles d\u2019agriculteurs\"><div class=\"thumb\"><img decoding=\"async\" src=\"https:\/\/agriweb.tv\/wp-content\/uploads\/2020\/11\/Pierre-Rollet-600-820.jpg\"><\/div><div class=\"gradiented\"><\/div><div class=\"barre\"><hr><\/div><div class=\"title\"><h4>Pierre Rollet fromager<\/h4><h5>concours \u00ab\u00a0Les \u00c9toiles du Cr\u00e9mier\u00a0\u00bb<\/h5><\/div><div class=\"more\"><div class=\"title\"><h4>Dans le quotidien d\u2019un cr\u00e9mier bordelais<\/h4><\/div><p class=\"grey\">5 min 03 | Diffus\u00e9 le 26\/10\/2020<\/p><p>Pierre Rollet est un fromager-cr\u00e9mier passionn\u00e9.<\/p><\/div><\/div><\/a><div class=\"multiple px-1\"><a href=\"https:\/\/agriweb.tv\/index.php\/film\/au-coeur-dune-installation-en-arboriculture-dans-le-lot-et-garonne\/?t=emission&#038;n=Paroles d\u2019agriculteurs\"><div class=\"thumb\"><img decoding=\"async\" src=\"https:\/\/agriweb.tv\/wp-content\/uploads\/2024\/03\/come-lapierre-v-1.jpg\"><\/div><div class=\"gradiented\"><\/div><div class=\"barre\"><hr><\/div><div class=\"title\"><h4>Au c\u0153ur d&rsquo;une installation<\/h4><h5>en arboriculture dans le 47<\/h5><\/div><div class=\"more\"><div class=\"title\"><h4>Au c\u0153ur d&rsquo;une installation en arboriculture dans le Lot-et-Garonne<\/h4><\/div><p class=\"grey\">2 min 32 | Diffus\u00e9 le 22\/03\/2024<\/p><p>Dans le Lot-et-Garonne C\u00f4me Lapierre, jeune install\u00e9 en arboriculture : kiwi, myrtille et pomme, sur la commune de Montesquieu (47)<\/p><\/div><\/div><\/a><div class=\"multiple px-1\"><a href=\"https:\/\/agriweb.tv\/index.php\/film\/quand-viticulture-rime-avec-ecologie\/?t=emission&#038;n=Paroles d\u2019agriculteurs\"><div class=\"thumb\"><img decoding=\"async\" src=\"https:\/\/agriweb.tv\/wp-content\/uploads\/2020\/09\/Delphine-Benoit-Vinet-1.jpg\"><\/div><div class=\"gradiented\"><\/div><div class=\"barre\"><hr><\/div><div class=\"title\"><h4>Quand viticulture<\/h4><h5>rime avec \u00e9cologie<\/h5><\/div><div class=\"more\"><div class=\"title\"><h4>Quand viticulture rime avec \u00e9cologie<\/h4><\/div><p class=\"grey\">6 min 45 | Diffus\u00e9 le 04\/09\/2020<\/p><p>\u00c0 Lapouyade, la famille Vinet pratique l\u2019agroforesterie dans ses vignes<\/p><\/div><\/div><\/a><div class=\"multiple px-1\"><a href=\"https:\/\/agriweb.tv\/index.php\/film\/visite-des-blondes-daquitaine-du-lycee-agricole-de-dax\/?t=emission&#038;n=Paroles d\u2019agriculteurs\"><div class=\"thumb\"><img decoding=\"async\" src=\"https:\/\/agriweb.tv\/wp-content\/uploads\/2024\/05\/Sylvain-v.jpg\"><\/div><div class=\"gradiented\"><\/div><div class=\"barre\"><hr><\/div><div class=\"title\"><h4>Blondes d&rsquo;Aquitaine<\/h4><h5>du lyc\u00e9e agricole de Dax<\/h5><\/div><div class=\"more\"><div class=\"title\"><h4>Visite des blondes d&rsquo;Aquitaine du lyc\u00e9e agricole de Dax<\/h4><\/div><p class=\"grey\">14 min | Diffus\u00e9 le 19\/05\/2024<\/p><p>\u00c0 Oeyreluy, Sylvain Chan\u00e9ac, le responsable de l&rsquo;exploitation du lyc\u00e9e agricole pr\u00e9sente l&rsquo;\u00e9levage de blondes d&rsquo;Aquitaine<\/p><\/div><\/div><\/a><div class=\"multiple px-1\"><a href=\"https:\/\/agriweb.tv\/index.php\/film\/visite-chez-alexandre-hontang-eleveur-de-bazadaises\/?t=emission&#038;n=Paroles d\u2019agriculteurs\"><div class=\"thumb\"><img decoding=\"async\" src=\"https:\/\/agriweb.tv\/wp-content\/uploads\/2024\/05\/Alexandre-v.jpg\"><\/div><div class=\"gradiented\"><\/div><div class=\"barre\"><hr><\/div><div class=\"title\"><h4>Visite chez Alexandre Hontang<\/h4><h5>\u00e9leveur de bazadaises<\/h5><\/div><div class=\"more\"><div class=\"title\"><h4>Visite chez Alexandre Hontang, \u00e9leveur de bazadaises<\/h4><\/div><p class=\"grey\">14 min | Diffus\u00e9 le 19\/05\/2024<\/p><p>Adepte du concours baza-blond qui a lieu au Salon de l&rsquo;agriculture \u00e0 Bordeaux chaque ann\u00e9e<\/p><\/div><\/div><\/a><div class=\"multiple px-1\"><a href=\"https:\/\/agriweb.tv\/index.php\/film\/les-ruches-de-line-et-dominique-choquet\/?t=emission&#038;n=Paroles d\u2019agriculteurs\"><div class=\"thumb\"><img decoding=\"async\" src=\"https:\/\/agriweb.tv\/wp-content\/uploads\/2020\/05\/Line-et-Dominique.jpg\"><\/div><div class=\"gradiented\"><\/div><div class=\"barre\"><hr><\/div><div class=\"title\"><h4>Les ruches de Line et Dominique Choquet<\/h4><\/div><div class=\"more\"><div class=\"title\"><h4>Les ruches de Line et Dominique Choquet<\/h4><\/div><p class=\"grey\">4 min 39 | Diffus\u00e9 le 26\/05\/2020<\/p><p>Pr\u00e8s de La R\u00e9ole en Gironde, 400 ruches produisent 5 tonnes de miel<\/p><\/div><\/div><\/a><div class=\"multiple px-1\"><a href=\"https:\/\/agriweb.tv\/index.php\/film\/agathe-bouin-sa-vie-pour-les-huitres\/?t=emission&#038;n=Paroles d\u2019agriculteurs\"><div class=\"thumb\"><img decoding=\"async\" src=\"https:\/\/agriweb.tv\/wp-content\/uploads\/2020\/04\/BOUIN-2-e1714115175611.jpg\"><\/div><div class=\"gradiented\"><\/div><div class=\"barre\"><hr><\/div><div class=\"title\"><h4>Agathe Bouin :<\/h4><h5>sa vie pour les hu\u00eetres<\/h5><\/div><div class=\"more\"><div class=\"title\"><h4>Agathe Bouin : sa vie pour les hu\u00eetres<\/h4><\/div><p class=\"grey\">3 min 36<\/p><p>Agathe est ostr\u00e9icultrice au Cap Ferret en Gironde<\/p><\/div><\/div><\/a><div class=\"multiple px-1\"><a href=\"https:\/\/agriweb.tv\/index.php\/film\/realisation-dun-ouvrage-routier-deviation-de-lussac-les-chateaux\/?t=emission&#038;n=Paroles d\u2019agriculteurs\"><div class=\"thumb\"><img decoding=\"async\" src=\"https:\/\/agriweb.tv\/wp-content\/uploads\/2024\/03\/Maxime-LEFEVRE-e1714115086714.jpg\"><\/div><div class=\"gradiented\"><\/div><div class=\"barre\"><hr><\/div><div class=\"title\"><h4>Accompagnement foncier<\/h4><h5>r\u00e9alisation d\u2019un ouvrage<\/h5><\/div><div class=\"more\"><div class=\"title\"><h4>R\u00e9alisation d\u2019un ouvrage routier (d\u00e9viation de Lussac les Ch\u00e2teaux)<\/h4><\/div><p class=\"grey\">2 min 37 | Diffus\u00e9 le 26\/03\/2024<\/p><p>Compensations agricoles et environnementales avec le concours de Terre de Liens et mise en place d\u2019une ORE (obligation r\u00e9elle environnementale)<\/p><\/div><\/div><\/a><div class=\"multiple px-1\"><a href=\"https:\/\/agriweb.tv\/index.php\/film\/215-au-coeur-dune-installation-viticole-en-cognac\/?t=emission&#038;n=Paroles d\u2019agriculteurs\"><div class=\"thumb\"><img decoding=\"async\" src=\"https:\/\/agriweb.tv\/wp-content\/uploads\/2024\/03\/Cedric-Guinfolleau-v-2-e1714115127546.jpg\"><\/div><div class=\"gradiented\"><\/div><div class=\"barre\"><hr><\/div><div class=\"title\"><h4>Installation<\/h4><h5>viticole en Cognac<\/h5><\/div><div class=\"more\"><div class=\"title\"><h4>Au c\u0153ur d&rsquo;une installation viticole en Cognac<\/h4><\/div><p class=\"grey\">2 min 15 | Diffus\u00e9 le 21\/03\/2024<\/p><p>\u2022 C\u00e9dric Guinfolleau, viticulteur en Cognac \r\n\u2022 Aline Testaud, conseill\u00e8re foncier \u00e0 la Safer de la Charente<\/p><\/div><\/div><\/a><div class=\"multiple px-1\"><a href=\"https:\/\/agriweb.tv\/index.php\/film\/sinstaller-en-viticulture-cest-encore-possible\/?t=emission&#038;n=Paroles d\u2019agriculteurs\"><div class=\"thumb\"><img decoding=\"async\" src=\"https:\/\/agriweb.tv\/wp-content\/uploads\/2024\/03\/Sacha-LACOUR.jpg\"><\/div><div class=\"gradiented\"><\/div><div class=\"barre\"><hr><\/div><div class=\"title\"><h4>Producteurs <\/h4><h5>et restaurateurs !<\/h5><\/div><div class=\"more\"><div class=\"title\"><h4>Producteurs de volailles et de porcs, ils viennent d&rsquo;ouvrir un restaurant<\/h4><\/div><p class=\"grey\">3 min | Diffus\u00e9 le 17\/03\/2024<\/p><p>Thierry LURTON et Sacha LACOUR ARJAUD producteurs de volailles et de porcs qui viennent d&rsquo;ouvrir un restaurant<\/p><\/div><\/div><\/a><div class=\"multiple px-1\"><a href=\"https:\/\/agriweb.tv\/index.php\/film\/delphine-et-fabien-installes-comme-eleveurs-pour-un-projet-de-vie-global\/?t=emission&#038;n=Paroles d\u2019agriculteurs\"><div class=\"thumb\"><img decoding=\"async\" src=\"https:\/\/agriweb.tv\/wp-content\/uploads\/2023\/05\/Delphine-Prunet.jpg\"><\/div><div class=\"gradiented\"><\/div><div class=\"barre\"><hr><\/div><div class=\"title\"><h4>Delphine et Fabien<\/h4><h5>install\u00e9s comme \u00e9leveurs<\/h5><\/div><div class=\"more\"><div class=\"title\"><h4>Delphine et Fabien install\u00e9s comme \u00e9leveurs pour un projet de vie global<\/h4><\/div><p class=\"grey\">5 min 18 | Diffus\u00e9 le 16\/05\/2023<\/p><p>ils ont trouv\u00e9 une exploitation r\u00e9unissant toutes les conditions souhait\u00e9es pour leur projet de vie<\/p><\/div><\/div><\/a><div class=\"multiple px-1\"><a href=\"https:\/\/agriweb.tv\/index.php\/film\/impact-de-lelevage-sur-le-climat\/?t=emission&#038;n=Paroles d\u2019agriculteurs\"><div class=\"thumb\"><img decoding=\"async\" src=\"https:\/\/agriweb.tv\/wp-content\/uploads\/2023\/12\/Sebastien-VALTEAU.jpg\"><\/div><div class=\"gradiented\"><\/div><div class=\"barre\"><hr><\/div><div class=\"title\"><h4>Impact de l\u2019\u00e9levage sur le climat <\/h4><h5>S\u00e9bastien VALTEAU<\/h5><\/div><div class=\"more\"><div class=\"title\"><h4>Impact de l\u2019\u00e9levage sur le climat<\/h4><\/div><p class=\"grey\">2 min 29 | Diffus\u00e9 le 17\/10\/2023<\/p><p>L\u2019\u00e9levage a d\u00e9j\u00e0 r\u00e9duit ses \u00e9missions de gaz \u00e0 effet de serre de 11 % depuis 1990. Et S\u00e9bastien va encore plus loin &#8230;<\/p><\/div><\/div><\/a><div class=\"multiple px-1\"><a href=\"https:\/\/agriweb.tv\/index.php\/film\/contribution-de-lelevage-a-la-biodiversite\/?t=emission&#038;n=Paroles d\u2019agriculteurs\"><div class=\"thumb\"><img decoding=\"async\" src=\"https:\/\/agriweb.tv\/wp-content\/uploads\/2023\/12\/JEAN-LOUIS-PEYRAUD.jpg\"><\/div><div class=\"gradiented\"><\/div><div class=\"barre\"><hr><\/div><div class=\"title\"><h4>Contribution de l\u2019\u00e9levage \u00e0 la biodiversit\u00e9 <\/h4><h5>avec Jean-Louis PEYRAUD<\/h5><\/div><div class=\"more\"><div class=\"title\"><h4>Contribution de l\u2019\u00e9levage \u00e0 la biodiversit\u00e9<\/h4><\/div><p class=\"grey\">2 min 29 | Diffus\u00e9 le 17\/10\/2023<\/p><p>Un monde sans vache, ce serait comment ? Jean-Louis Peyraud, charg\u00e9 de mission \u00e0 la direction scientifique agriculture \u00e0 l\u2019INRAE, explique<\/p><\/div><\/div><\/a><div class=\"multiple px-1\"><a href=\"https:\/\/agriweb.tv\/index.php\/film\/elevage-durable-avec-maryvonne\/?t=emission&#038;n=Paroles d\u2019agriculteurs\"><div class=\"thumb\"><img decoding=\"async\" src=\"https:\/\/agriweb.tv\/wp-content\/uploads\/2023\/10\/3-Maryvonne-LAGARONNE.jpg\"><\/div><div class=\"gradiented\"><\/div><div class=\"barre\"><hr><\/div><div class=\"title\"><h4>Polyculture \u00e9levage dans les Pyr\u00e9n\u00e9es-Atlantiques<\/h4><h5>permet un \u00e9levage durable<\/h5><\/div><div class=\"more\"><div class=\"title\"><h4>\u00c9levage durable avec Maryvonne<\/h4><\/div><p class=\"grey\">2 min 29 | Diffus\u00e9 le 17\/10\/2023<\/p><p>Une biodiversit\u00e9 bien d\u00e9velopp\u00e9e pour nourrir les vaches avec de l\u2019herbe et du foin issus de l&rsquo;exploitation<\/p><\/div><\/div><\/a><div class=\"multiple px-1\"><a href=\"https:\/\/agriweb.tv\/index.php\/film\/autonomie-alimentaire-avec-philippe-sellier\/?t=emission&#038;n=Paroles d\u2019agriculteurs\"><div class=\"thumb\"><img decoding=\"async\" src=\"https:\/\/agriweb.tv\/wp-content\/uploads\/2023\/10\/2-PHILIPPE-SELLIER.jpg\"><\/div><div class=\"gradiented\"><\/div><div class=\"barre\"><hr><\/div><div class=\"title\"><h4>Autonomie alimentaire<\/h4><h5>Marie-Claire et Philippe dans le bocage normand<\/h5><\/div><div class=\"more\"><div class=\"title\"><h4>Autonomie alimentaire avec Philippe SELLIER<\/h4><\/div><p class=\"grey\">2 min 29 | Diffus\u00e9 le 17\/10\/2023<\/p><p>Une biodiversit\u00e9 bien d\u00e9velopp\u00e9e pour nourrir les vaches avec de l\u2019herbe et du foin issus de l&rsquo;exploitation<\/p><\/div><\/div><\/a><div class=\"multiple px-1\"><a href=\"https:\/\/agriweb.tv\/index.php\/film\/elevage-herbager-a-taille-humaine\/?t=emission&#038;n=Paroles d\u2019agriculteurs\"><div class=\"thumb\"><img decoding=\"async\" src=\"https:\/\/agriweb.tv\/wp-content\/uploads\/2023\/10\/MARINE-VAN-SIMMERTIER-.jpg\"><\/div><div class=\"gradiented\"><\/div><div class=\"barre\"><hr><\/div><div class=\"title\"><h4>L\u2019\u00e9levage bovin herbager m\u00e9rite d\u2019\u00eatre connu !\u00a0<\/h4><h5>Direction le Puy-de-D\u00f4me<\/h5><\/div><div class=\"more\"><div class=\"title\"><h4>\u00c9levage herbager \u00e0 taille humaine<\/h4><\/div><p class=\"grey\">2 min 29 | Diffus\u00e9 le 17\/10\/2023<\/p><p>Marine et son mari Michel \u00e9l\u00e8vent \u00e0 eux deux 80 vaches dans le Puy-de-D\u00f4me<\/p><\/div><\/div><\/a><div class=\"multiple px-1\"><a href=\"https:\/\/agriweb.tv\/index.php\/film\/decouverte-de-la-race-morucha-au-salon-de-lagriculture-nouvelle-aquitaine\/?t=emission&#038;n=Paroles d\u2019agriculteurs\"><div class=\"thumb\"><img decoding=\"async\" src=\"https:\/\/agriweb.tv\/wp-content\/uploads\/2023\/05\/Morucha-v-1.jpg\"><\/div><div class=\"gradiented\"><\/div><div class=\"barre\"><hr><\/div><div class=\"title\"><h4>La Morucha<\/h4><h5>race de vache rustique<\/h5><\/div><div class=\"more\"><div class=\"title\"><h4>D\u00e9couverte de la race Morucha au Salon de l&rsquo;Agriculture Nouvelle-Aquitaine<\/h4><\/div><p class=\"grey\">25 min 11 | Diffus\u00e9 le 18\/05\/2023<\/p><p>D\u00e9couvrir la Morucha, une race de vaches rustiques originaires de la province de Salamanque en Espagne<\/p><\/div><\/div><\/a><div class=\"multiple px-1\"><a href=\"https:\/\/agriweb.tv\/index.php\/film\/avec-constance-le-vignoble-familial-prend-le-virage-bio\/?t=emission&#038;n=Paroles d\u2019agriculteurs\"><div class=\"thumb\"><img decoding=\"async\" src=\"https:\/\/agriweb.tv\/wp-content\/uploads\/2023\/05\/cONSTANCE-dUMONT-V.jpg\"><\/div><div class=\"gradiented\"><\/div><div class=\"barre\"><hr><\/div><div class=\"title\"><h4>Constance<\/h4><h5>prend le virage bio<\/h5><\/div><div class=\"more\"><div class=\"title\"><h4>Avec Constance, le vignoble familial prend le virage bio<\/h4><\/div><p class=\"grey\">5 min 23 | Diffus\u00e9 le 16\/05\/2023<\/p><p>Elle y a entam\u00e9 une conversion en biodynamie port\u00e9e par le bon sens paysan et les besoins de la terre<\/p><\/div><\/div><\/a><div class=\"multiple px-1\"><a href=\"https:\/\/agriweb.tv\/index.php\/film\/7266\/?t=emission&#038;n=Paroles d\u2019agriculteurs\"><div class=\"thumb\"><img decoding=\"async\" src=\"https:\/\/agriweb.tv\/wp-content\/uploads\/2023\/05\/Methajoos-v.jpg\"><\/div><div class=\"gradiented\"><\/div><div class=\"barre\"><hr><\/div><div class=\"title\"><h4>M\u00e9thajoos<\/h4><h5>1\u00e8re unit\u00e9 de m\u00e9thanisation du Haut-B\u00e9arn<\/h5><\/div><div class=\"more\"><div class=\"title\"><h4>M\u00e9thajoos, 1\u00e8re unit\u00e9 de m\u00e9thanisation du Haut-B\u00e9arn<\/h4><\/div><p class=\"grey\">4 min 13 | Diffus\u00e9 le 15\/05\/2023<\/p><p>M\u00e9thajoos illustre le dynamisme du Haut-B\u00e9arn autour d\u2019un projet collectif vertueux au profit de l\u2019environnement<\/p><\/div><\/div><\/a><div class=\"multiple px-1\"><a href=\"https:\/\/agriweb.tv\/index.php\/film\/les-cafes-fermiers-6-rencontre-avec-caroline-hospital-eleveuse-de-chevaux-et-productrice-de-savon\/?t=emission&#038;n=Paroles d\u2019agriculteurs\"><div class=\"thumb\"><img decoding=\"async\" src=\"https:\/\/agriweb.tv\/wp-content\/uploads\/2022\/11\/Caroline-Hospital-v.jpg\"><\/div><div class=\"gradiented\"><\/div><div class=\"barre\"><hr><\/div><div class=\"title\"><h4>Caroline Hospital<\/h4><h5>\u00e9leveuse de chevaux et productrice de savon<\/h5><\/div><div class=\"more\"><div class=\"title\"><h4>Les caf\u00e9s fermiers #6 : rencontre avec Caroline Hospital \u00e9leveuse de chevaux et productrice de savon<\/h4><\/div><p class=\"grey\">13 min 49 | Diffus\u00e9 le 11\/07\/2022<\/p><p>Louise Lesparre, animatrice du podcast la Cl\u00e9 des Champs, s\u2019invite sur agriweb.tv pour un nouveau rendez-vous : Les caf\u00e9s fermiers #6 <\/p><\/div><\/div><\/a><div class=\"multiple px-1\"><a href=\"https:\/\/agriweb.tv\/index.php\/film\/flora-monterrin\/?t=emission&#038;n=Paroles d\u2019agriculteurs\"><div class=\"thumb\"><img decoding=\"async\" src=\"https:\/\/agriweb.tv\/wp-content\/uploads\/2022\/10\/Flora-Monterrin.jpg\"><\/div><div class=\"gradiented\"><\/div><div class=\"barre\"><hr><\/div><div class=\"title\"><h4>Flora Monterrin\u202f<\/h4><h5>Attelage des bovillons<\/h5><\/div><div class=\"more\"><div class=\"title\"><h4>Flora Monterrin et l&rsquo;attelage des bovillons \u00e0 l\u2019\u00c9comus\u00e9e de Marqu\u00e8ze<\/h4><\/div><p class=\"grey\">1 min 25 | Diffus\u00e9 le 24\/10\/2022<\/p><p>Flora, bouvi\u00e8re de l&rsquo;Ecomus\u00e9e de Marqu\u00e8ze te parle de son m\u00e9tier et de ses coll\u00e8gues de travail !\u00a0<\/p><\/div><\/div><\/a><div class=\"multiple px-1\"><a href=\"https:\/\/agriweb.tv\/index.php\/film\/rencontre-avec-des-participants-aux-aquitanima-tours\/?t=emission&#038;n=Paroles d\u2019agriculteurs\"><div class=\"thumb\"><img decoding=\"async\" src=\"https:\/\/agriweb.tv\/wp-content\/uploads\/2023\/05\/Nicolas-Baisez.jpg\"><\/div><div class=\"gradiented\"><\/div><div class=\"barre\"><hr><\/div><div class=\"title\"><h4>Aquitanima Tours<\/h4><h5>Rencontre avec des participants<\/h5><\/div><div class=\"more\"><div class=\"title\"><h4>Rencontre avec des participants aux Aquitanima Tours<\/h4><\/div><p class=\"grey\">6 min 40 | Diffus\u00e9 le 15\/05\/2023<\/p><p>Timo Schep est agriculteur \u00e0 Philippeville en Belgique et Nicolas Baisez est \u00e9leveur \u00e0 Queyrac en Gironde.<\/p><\/div><\/div><\/a><div class=\"multiple px-1\"><a href=\"https:\/\/agriweb.tv\/index.php\/film\/preserver-lenvironnement\/?t=emission&#038;n=Paroles d\u2019agriculteurs\"><div class=\"thumb\"><img decoding=\"async\" src=\"https:\/\/agriweb.tv\/wp-content\/uploads\/2022\/02\/GUEVEL.jpg\"><\/div><div class=\"gradiented\"><\/div><div class=\"barre\"><hr><\/div><div class=\"title\"><h4>Pr\u00e9server l&rsquo;environnement<\/h4><h5>\u00e0 Talmont-sur-Gironde<\/h5><\/div><div class=\"more\"><div class=\"title\"><h4>S\u00e9rie \u00ab\u00a0Parlons foncier\u00a0\u00bb : PR\u00c9SERVER L&rsquo;ENVIRONNEMENT<\/h4><\/div><p class=\"grey\">3 min 28 | Diffus\u00e9 le 08\/02\/2022<\/p><p>A Talmont-sur-Gironde, l&rsquo;action conjointe du Conservatoire d&rsquo;Espaces Naturels et du Conservatoire du Littoral a permis la valorisation du marais.<\/p><\/div><\/div><\/a><div class=\"multiple px-1\"><a href=\"https:\/\/agriweb.tv\/index.php\/film\/aimetonagri-rencontre-le-domaine-des-etoiles-a-massignac-charente\/?t=emission&#038;n=Paroles d\u2019agriculteurs\"><div class=\"thumb\"><img decoding=\"async\" src=\"https:\/\/agriweb.tv\/wp-content\/uploads\/2022\/12\/ATA-Massignac-v.jpg\"><\/div><div class=\"gradiented\"><\/div><div class=\"barre\"><hr><\/div><div class=\"title\"><h4>une classe de coll\u00e8ge<\/h4><h5>visite cet \u00e9levage exceptionnel<\/h5><\/div><div class=\"more\"><div class=\"title\"><h4>#AimeTonAgri rencontre le Domaine des \u00e9toiles \u00e0 Massignac (Charente)<\/h4><\/div><p class=\"grey\">1 min 14 | Diffus\u00e9 le 14\/12\/2022<\/p><p>Objectifs : d\u00e9couvrir l&rsquo;agriculture \u00e0 c\u00f4t\u00e9 de chez soi, d\u00e9couvrir le m\u00e9tier d&rsquo;agriculteur\/trice<\/p><\/div><\/div><\/a><div class=\"multiple px-1\"><a href=\"https:\/\/agriweb.tv\/index.php\/film\/maison-gastellou-basee-dans-le-pays-basque\/?t=emission&#038;n=Paroles d\u2019agriculteurs\"><div class=\"thumb\"><img decoding=\"async\" src=\"https:\/\/agriweb.tv\/wp-content\/uploads\/2023\/03\/gastellou.jpg\"><\/div><div class=\"gradiented\"><\/div><div class=\"barre\"><hr><\/div><div class=\"title\"><h4>Maison Gastellou <\/h4><h5>bas\u00e9e dans le Pays-Basque<\/h5><\/div><div class=\"more\"><div class=\"title\"><h4>Maison Gastellou bas\u00e9e dans le Pays-Basque<\/h4><\/div><p class=\"grey\">4 min | Diffus\u00e9 le 30\/03\/2023<\/p><p>On retrouve ici des jambons secs de Bayonne et de Garazi, des saucissons, du chorizos, des ventr\u00e8ches, des rillettes,<\/p><\/div><\/div><\/a><div class=\"multiple px-1\"><a href=\"https:\/\/agriweb.tv\/index.php\/film\/aquitanima-agriweb-tv-recoit-le-1er-prix-agneaux-du-limousin\/?t=emission&#038;n=Paroles d\u2019agriculteurs\"><div class=\"thumb\"><img decoding=\"async\" src=\"https:\/\/agriweb.tv\/wp-content\/uploads\/2023\/05\/Carrefour-Innovation-Lucie-1.jpg\"><\/div><div class=\"gradiented\"><\/div><div class=\"barre\"><hr><\/div><div class=\"title\"><h4>Aquitanima <\/h4><h5>1er prix agneaux du Limousin<\/h5><\/div><div class=\"more\"><div class=\"title\"><h4>Aquitanima : 1er prix agneaux du Limousin<\/h4><\/div><p class=\"grey\">5 min 19 | Diffus\u00e9 le 17\/05\/2023<\/p><p>1er prix agneaux du Limousin pour sa premi\u00e8re participation \u00e0 Aquitanima lors du Salon de l&rsquo;Agriculture Nouvelle-Aquitaine 2023<\/p><\/div><\/div><\/a><div class=\"multiple px-1\"><a href=\"https:\/\/agriweb.tv\/index.php\/film\/les-cafes-fermiers-4-rencontre-avec-louis-veyssi-eleveur-de-vaches-laitieres\/?t=emission&#038;n=Paroles d\u2019agriculteurs\"><div class=\"thumb\"><img decoding=\"async\" src=\"https:\/\/agriweb.tv\/wp-content\/uploads\/2022\/07\/kfes-fermiers4-v.jpg\"><\/div><div class=\"gradiented\"><\/div><div class=\"barre\"><hr><\/div><div class=\"title\"><h4>Les Caf\u00e9s Fermiers #4<\/h4><h5>Louis Veyssi, \u00e9leveur de vaches laiti\u00e8res<\/h5><\/div><div class=\"more\"><div class=\"title\"><h4>Les Caf\u00e9s Fermiers #4 : rencontre avec Louis Veyssi, \u00e9leveur de vaches laiti\u00e8res<\/h4><\/div><p class=\"grey\">13 min 49 | Diffus\u00e9 le 11\/07\/2022<\/p><p>Louise Lesparre, animatrice du podcast la Cl\u00e9 des Champs, s\u2019invite sur agriweb.tv pour un nouveau rendez-vous : Les caf\u00e9s fermiers ! <\/p><\/div><\/div><\/a><div class=\"multiple px-1\"><a href=\"https:\/\/agriweb.tv\/index.php\/film\/aimetonagri-avec-madeleine-et-gerald-robelin-sur-lexploitation-avicole\/?t=emission&#038;n=Paroles d\u2019agriculteurs\"><div class=\"thumb\"><img decoding=\"async\" src=\"https:\/\/agriweb.tv\/wp-content\/uploads\/2022\/12\/ATA-ROBELIN-V2.jpg\"><\/div><div class=\"gradiented\"><\/div><div class=\"barre\"><hr><\/div><div class=\"title\"><h4>Madeleine et G\u00e9rald<\/h4><h5>visitez leur exploitation avicole<\/h5><\/div><div class=\"more\"><div class=\"title\"><h4>#AimeTonAgri avec Madeleine et G\u00e9rald ROBELIN sur l&rsquo;exploitation avicole<\/h4><\/div><p class=\"grey\">1 min 02 | Diffus\u00e9 le 15\/12\/2022<\/p><p>\ud83d\ude04D\u00e9couvrez l&rsquo;#agriculture \u00e0 votre porte, ses #m\u00e9tiers, &#8230;<\/p><\/div><\/div><\/a><div class=\"multiple px-1\"><a href=\"https:\/\/agriweb.tv\/index.php\/film\/aimetonagri-avec-julien-et-sa-vigne-a-rouillac\/?t=emission&#038;n=Paroles d\u2019agriculteurs\"><div class=\"thumb\"><img decoding=\"async\" src=\"https:\/\/agriweb.tv\/wp-content\/uploads\/2022\/12\/ATA-JULIEN-V.jpg\"><\/div><div class=\"gradiented\"><\/div><div class=\"barre\"><hr><\/div><div class=\"title\"><h4>Julien \u00e0 Rouillac<\/h4><h5>vous explique comment il travaille sa #vigne<\/h5><\/div><div class=\"more\"><div class=\"title\"><h4>#AimeTonAgri avec Julien et sa #vigne, \u00e0 Rouillac<\/h4><\/div><p class=\"grey\">1 min 14 | Diffus\u00e9 le 23\/12\/2022<\/p><p>il travaille sa #vigne, sur son exploitation viticole \u00e0 Rouillac en #Charente.\u2764<\/p><\/div><\/div><\/a><div class=\"multiple px-1\"><a href=\"https:\/\/agriweb.tv\/index.php\/film\/cafes-fermiers-de-louise-lesparre-episode-1\/?t=emission&#038;n=Paroles d\u2019agriculteurs\"><div class=\"thumb\"><img decoding=\"async\" src=\"https:\/\/agriweb.tv\/wp-content\/uploads\/2022\/01\/FERMIERS2.jpg\"><\/div><div class=\"gradiented\"><\/div><div class=\"barre\"><hr><\/div><div class=\"title\"><h4>Caf\u00e9s Fermiers<\/h4><h5>rencontre avec \u00c9meline Bentz, mara\u00eech\u00e8re bio \u00e0 Labescau<\/h5><\/div><div class=\"more\"><div class=\"title\"><h4>REPLAY : Caf\u00e9s Fermiers #1 : rencontre avec \u00c9meline Bentz, mara\u00eech\u00e8re bio \u00e0 Labescau<\/h4><\/div><p class=\"grey\">18 min | Diffus\u00e9 le 20\/01\/2022<\/p><p>Dans ce num\u00e9ro Louise Lesparre vous am\u00e8ne \u00e0 la d\u00e9couverte du quotidien d&rsquo;Emeline, r\u00e9cemment convertie en maraich\u00e8re bio<\/p><\/div><\/div><\/a><div class=\"multiple px-1\"><a href=\"https:\/\/agriweb.tv\/index.php\/film\/aimetonagri-avec-christian-marin-cerealier-passionne-de-la-protection-de-la-nature\/?t=emission&#038;n=Paroles d\u2019agriculteurs\"><div class=\"thumb\"><img decoding=\"async\" src=\"https:\/\/agriweb.tv\/wp-content\/uploads\/2022\/12\/ATA-Christian-v.jpg\"><\/div><div class=\"gradiented\"><\/div><div class=\"barre\"><hr><\/div><div class=\"title\"><h4>Christian Marin<\/h4><h5>visitez l&rsquo;exploitation maraich\u00e8re et viticole<\/h5><\/div><div class=\"more\"><div class=\"title\"><h4>#AimeTonAgri avec Christian Marin c\u00e9r\u00e9alier passionn\u00e9 de la protection de la nature<\/h4><\/div><p class=\"grey\">1 min 14 | Diffus\u00e9 le 21\/12\/2022<\/p><p>la nature, l&rsquo;environnement, la biodiversit\u00e9, \u00e0 Fontclaireau en Charente, labelis\u00e9 Au c\u0153ur des sols.<\/p><\/div><\/div><\/a><div class=\"multiple px-1\"><a href=\"https:\/\/agriweb.tv\/index.php\/film\/les-cafes-fermiers-5-rencontre-avec-dominique-gaborieau-cerealier-engage-en-agroecologie-a-genouille\/?t=emission&#038;n=Paroles d\u2019agriculteurs\"><div class=\"thumb\"><img decoding=\"async\" src=\"https:\/\/agriweb.tv\/wp-content\/uploads\/2022\/09\/D-Gaborieau-v.jpg\"><\/div><div class=\"gradiented\"><\/div><div class=\"barre\"><hr><\/div><div class=\"title\"><h4>Dominique, c\u00e9r\u00e9alier<\/h4><h5>engag\u00e9 en agro\u00e9cologie, \u00e0 Genouill\u00e9<\/h5><\/div><div class=\"more\"><div class=\"title\"><h4>Les caf\u00e9s Fermiers #5 : rencontre avec Dominique Gaborieau, c\u00e9r\u00e9alier engag\u00e9 en agro\u00e9cologie, \u00e0 Genouill\u00e9.<\/h4><\/div><p class=\"grey\">12 min 21 | Diffus\u00e9 le 30\/09\/2022<\/p><p>Rencontre avec Dominique Gaborieau, #c\u00e9r\u00e9alier sur 206ha \u00e0 Genouill\u00e9 (86), pour parler #agro\u00e9cologie. <\/p><\/div><\/div><\/a><\/div><script>jQuery(function(){\"use strict\";jQuery(\"#slider-emission-1639719028\").slick({dots:false,infinite:true,speed:300,slidesToShow:5,slidesToScroll:1,responsive:[{breakpoint:1024,settings:{slidesToShow:3,slidesToScroll:1}},{breakpoint:600,settings:{slidesToShow:2,slidesToScroll:1}},{breakpoint:480,settings:{slidesToShow:1,slidesToScroll:1}}]});});<\/script><\/div>\n\n\n<div class=\"wp-block-columns is-layout-flex wp-container-core-columns-layout-1 wp-block-columns-is-layout-flex\">\n<div class=\"wp-block-column is-layout-flow wp-block-column-is-layout-flow\"><div class=\"lazyblock-presentation-ZgB67n wp-block-lazyblock-presentation\"><div class=\"bg-green present\"><div class=\"bandeau-txt p-3 hd-height\"><a href=\"https:\/\/agriweb.tv\/index.php\/category\/agenda\/\" class=\"btn-chevron\"><i class=\"fas fa-chevron-right\"><\/i><\/a><div><h1>Agriweb Hebdo<\/h1>\n<hr \/>\n<p><a href=\"https:\/\/agriweb.tv\/index.php\/category\/agenda\/\">LES RENDEZ-VOUS<\/a><\/p>\n<hr \/>\n<p>LES ACTUALIT\u00c9S<\/p>\n<hr \/>\n<p>L\u2019AGENDA<\/p><\/div><\/div><div class=\"present-img\"><img decoding=\"async\" src=\"https:\/\/agriweb.tv\/wp-content\/uploads\/2020\/11\/img1.png\" alt=\"\"><\/div><\/div><\/div><\/div>\n\n\n\n<div class=\"wp-block-column is-layout-flow wp-block-column-is-layout-flow\"><div class=\"lazyblock-presentation-Zp6ihA wp-block-lazyblock-presentation\"><div class=\"bg-white present\"><div class=\"bandeau-txt p-3 hd-height\"><a href=\"https:\/\/agriweb.tv\/index.php\/film\/comment-devenir-agriculteur-trice-suivez-le-guide\/\" class=\"btn-chevron\"><i class=\"fas fa-chevron-right\"><\/i><\/a><div><h1>Agriweb Quizz &amp; BD<\/h1>\n<h4>EN PARTENARIAT AVEC CURIEUX<\/h4>\n<hr \/>\n<p>TESTEZ VOS<br \/>CONNAISSANCES<\/p><\/div><\/div><div class=\"present-img\"><img decoding=\"async\" src=\"https:\/\/agriweb.tv\/wp-content\/uploads\/2020\/11\/img3.png\" alt=\"\"><\/div><\/div><\/div><\/div>\n\n\n\n<div class=\"wp-block-column is-layout-flow wp-block-column-is-layout-flow\"><div class=\"lazyblock-presentation-Z2eSn3s wp-block-lazyblock-presentation\"><div class=\"bg-blue present\"><div class=\"bandeau-txt p-3 hd-height\"><a href=\"mailto:contact@agriweb.tv\" class=\"btn-chevron\"><i class=\"fas fa-chevron-right\"><\/i><\/a><div><h1>\u00c0 vous<br \/>la parole<\/h1>\n<hr \/>\n<p>L\u2019AGRICULTURE<br \/>C\u2019EST L\u2019AFFAIRE DE TOUS<\/p><\/div><\/div><div class=\"present-img\"><img decoding=\"async\" src=\"https:\/\/agriweb.tv\/wp-content\/uploads\/2021\/01\/Parole-2.jpg\" alt=\"\"><\/div><\/div><\/div><\/div>\n<\/div>\n\n\n<div class=\"lazyblock-carousel-21habE wp-block-lazyblock-carousel\"><div class=\"row pb-3 bandeau\"><div class=\"col-12\"><h3>L\u2019INVIT\u00c9 D&#039;AGRIWEB<\/h3><p>3 questions \u00e0<\/p><\/div><\/div><div class=\"slider responsive format-1 mb-5\" id=\"slider-emission-666479121\"><div class=\"multiple px-1\"><a href=\"https:\/\/agriweb.tv\/index.php\/film\/equitaine-premiere-edition-de-la-vente-de-chevaux-et-poneys-dinstruction\/?t=emission&#038;n=linvitee\"><div class=\"thumb\"><img decoding=\"async\" src=\"https:\/\/agriweb.tv\/wp-content\/uploads\/2025\/05\/equides.jpg\"><\/div><div class=\"title\"><h4>Conseil des \u00c9quid\u00e9s de Nouvelle-Aquitaine<\/h4><h5>vente \u00e0 l&rsquo;amiable de chevaux et poneys d&rsquo;instruction<\/h5><\/div><div class=\"more\"><div class=\"toplay\"><i class=\"fas fa-play\"><\/i><\/div><div class=\"title\"><h4>Equitaine &#8211; Premi\u00e8re \u00e9dition de la vente de chevaux et poneys d&rsquo;instruction<\/h4><\/div><p class=\"grey\">11 min 58 | Diffus\u00e9 le 25\/05\/2025<\/p><p>Pour en parler S\u00e9bastien Carralot, pr\u00e9sident du comit\u00e9 r\u00e9gional d&rsquo;\u00e9quitation de Nouvelle-Aquitaine,<\/p><\/div><\/div><\/a><div class=\"multiple px-1\"><a href=\"https:\/\/agriweb.tv\/index.php\/film\/palmares-du-trophee-aquitanima-junior\/?t=emission&#038;n=linvitee\"><div class=\"thumb\"><img decoding=\"async\" src=\"https:\/\/agriweb.tv\/wp-content\/uploads\/2025\/05\/clemence-v.jpg\"><\/div><div class=\"title\"><h4>Troph\u00e9e Aquitanima Junior<\/h4><h5>Cl\u00e9mence Poublan, lyc\u00e9e agricole de Dax<\/h5><\/div><div class=\"more\"><div class=\"toplay\"><i class=\"fas fa-play\"><\/i><\/div><div class=\"title\"><h4>Palmar\u00e8s du Troph\u00e9e Aquitanima Junior<\/h4><\/div><p class=\"grey\">7 min 49 | Diffus\u00e9 le 26\/05\/2025<\/p><p>Ils devaient produire des vid\u00e9os et r\u00e9aliser une sc\u00e9nette sur le ring du Salon de l&rsquo;Agriculture Nouvelle-Aquitaine.<\/p><\/div><\/div><\/a><div class=\"multiple px-1\"><a href=\"https:\/\/agriweb.tv\/index.php\/film\/ouverture-des-concours-aquitanima-primholstein-2025\/?t=emission&#038;n=linvitee\"><div class=\"thumb\"><img decoding=\"async\" src=\"https:\/\/agriweb.tv\/wp-content\/uploads\/2025\/08\/Juge-v.jpg\"><\/div><div class=\"title\"><h4>Prim&rsquo;holstein 2025<\/h4><h5>Ouverture des Concours Aquitanima <\/h5><\/div><div class=\"more\"><div class=\"toplay\"><i class=\"fas fa-play\"><\/i><\/div><div class=\"title\"><h4>Ouverture des Concours Aquitanima Prim&rsquo;holstein 2025<\/h4><\/div><p class=\"grey\">4 min 29 | Diffus\u00e9 le 18\/06\/2025<\/p><p>Cette ann\u00e9e, une participation importante : plus de 100 vaches laiti\u00e8res ont d\u00e9fil\u00e9 sur le ring<\/p><\/div><\/div><\/a><div class=\"multiple px-1\"><a href=\"https:\/\/agriweb.tv\/index.php\/film\/contraintes-et-opportunites-de-lagrivoltaisme-retour-dexperience-dagriculteurs-en-nouvelle-aquitaine-2\/?t=emission&#038;n=linvitee\"><div class=\"thumb\"><img decoding=\"async\" src=\"https:\/\/agriweb.tv\/wp-content\/uploads\/2025\/07\/agrivoltaisme.jpg\"><\/div><div class=\"title\"><h4>Contraintes et opportunit\u00e9s de l&rsquo;agrivolta\u00efsme<\/h4><h5>retour d&rsquo;exp\u00e9rience d&rsquo;agriculteurs en Nouvelle-Aquitaine<\/h5><\/div><div class=\"more\"><div class=\"toplay\"><i class=\"fas fa-play\"><\/i><\/div><div class=\"title\"><h4>Contraintes et opportunit\u00e9s de l&rsquo;agrivolta\u00efsme, retour d&rsquo;exp\u00e9rience d&rsquo;agriculteurs en Nouvelle-Aquitaine<\/h4><\/div><p class=\"grey\">12 min | Diffus\u00e9 le 19\/05\/2025<\/p><p>Deux agriculteurs de Gironde sont venus pr\u00e9senter leur projet de panneaux photovolta\u00efques pour prot\u00e9ger leurs futures vaches.<\/p><\/div><\/div><\/a><div class=\"multiple px-1\"><a href=\"https:\/\/agriweb.tv\/index.php\/film\/bilan-du-salon-de-lagriculture-nouvelle-aquitaine-2025\/?t=emission&#038;n=linvitee\"><div class=\"thumb\"><img decoding=\"async\" src=\"https:\/\/agriweb.tv\/wp-content\/uploads\/2025\/07\/Bilan-BM-2.jpg\"><\/div><div class=\"title\"><h4>Salon 2025, le bilan par <\/h4><h5>Bruno Millet, Commissaire g\u00e9n\u00e9ral du Salon<\/h5><\/div><div class=\"more\"><div class=\"toplay\"><i class=\"fas fa-play\"><\/i><\/div><div class=\"title\"><h4>Bilan du Salon de l&rsquo;Agriculture Nouvelle-Aquitaine 2025<\/h4><\/div><p class=\"grey\">11 min 08 | Diffus\u00e9 le 27\/07\/2025<\/p><p>Bruno Millet revient sur les Concours Aquitanima, Equitaine, le march\u00e9 des producteurs, les stands des partenaires&#8230;<\/p><\/div><\/div><\/a><div class=\"multiple px-1\"><a href=\"https:\/\/agriweb.tv\/index.php\/film\/presentation-de-lapplication-claas-connect-3-0\/?t=emission&#038;n=linvitee\"><div class=\"thumb\"><img decoding=\"async\" src=\"https:\/\/agriweb.tv\/wp-content\/uploads\/2025\/08\/claas-v.jpg\"><\/div><div class=\"title\"><h4>CLAAS Connect 3.0<\/h4><h5>Pr\u00e9sentation de l&rsquo;application <\/h5><\/div><div class=\"more\"><div class=\"toplay\"><i class=\"fas fa-play\"><\/i><\/div><div class=\"title\"><h4>Pr\u00e9sentation de l&rsquo;application CLAAS Connect 3.0<\/h4><\/div><p class=\"grey\">13 min 15 | Diffus\u00e9 le 01\/07\/2025<\/p><p>Pour nous parler de CLAAS, nous accueillons sur le plateau de Agriweb.tv, Benoit Lamouroux, Expert Solutions Digitales \u00e0 CL.<\/p><\/div><\/div><\/a><div class=\"multiple px-1\"><a href=\"https:\/\/agriweb.tv\/index.php\/film\/paroles-de-champions-deleveurs-ovins\/?t=emission&#038;n=linvitee\"><div class=\"thumb\"><img decoding=\"async\" src=\"https:\/\/agriweb.tv\/wp-content\/uploads\/2025\/05\/ovins-champions-v.jpg\"><\/div><div class=\"title\"><h4>Paroles de Champions : <\/h4><h5>\u00e9leveurs Ovins<\/h5><\/div><div class=\"more\"><div class=\"toplay\"><i class=\"fas fa-play\"><\/i><\/div><div class=\"title\"><h4>Paroles de Champions d&rsquo;\u00e9leveurs Ovins<\/h4><\/div><p class=\"grey\">7 min 46 | Diffus\u00e9 le 26\/05\/2025<\/p><p>La famille Rateau a remport\u00e9 le premier prix du Concours des Agneaux (Label Agneaux de Pauillac).<\/p><\/div><\/div><\/a><div class=\"multiple px-1\"><a href=\"https:\/\/agriweb.tv\/index.php\/film\/terre-de-liens-maintenir-la-vocation-nourriciere-des-agriculteurs\/?t=emission&#038;n=linvitee\"><div class=\"thumb\"><img decoding=\"async\" src=\"https:\/\/agriweb.tv\/wp-content\/uploads\/2025\/05\/terre-lien.jpg\"><\/div><div class=\"title\"><h4>Terre de Liens<\/h4><h5>la vocation nourrici\u00e8re des agriculteurs<\/h5><\/div><div class=\"more\"><div class=\"toplay\"><i class=\"fas fa-play\"><\/i><\/div><div class=\"title\"><h4>Terre de Liens : Maintenir la vocation nourrici\u00e8re des agriculteurs<\/h4><\/div><p class=\"grey\">10 min 28 | Diffus\u00e9 le 25\/05\/2025<\/p><p>Agriweb.tv accueillait sur son plateau Antoine Messean administrateur de Terre de liens Aquitaine<\/p><\/div><\/div><\/a><div class=\"multiple px-1\"><a href=\"https:\/\/agriweb.tv\/index.php\/film\/remise-des-trophees-de-lagroecologie-2024-2025-au-salon-de-lagriculture-nouvelle-aquitaine\/?t=emission&#038;n=linvitee\"><div class=\"thumb\"><img decoding=\"async\" src=\"https:\/\/agriweb.tv\/wp-content\/uploads\/2025\/05\/draaf-v.jpg\"><\/div><div class=\"title\"><h4>Troph\u00e9e de l&rsquo;Agro\u00e9cologie<\/h4><h5>attribu\u00e9 \u00e0 Jean-Marc Prudhomme<\/h5><\/div><div class=\"more\"><div class=\"toplay\"><i class=\"fas fa-play\"><\/i><\/div><div class=\"title\"><h4>Remise des Troph\u00e9es de l&rsquo;Agro\u00e9cologie 2024-2025 au Salon de l&rsquo;Agriculture Nouvelle-Aquitaine<\/h4><\/div><p class=\"grey\">18 min 39 | Diffus\u00e9 le 25\/05\/2025<\/p><p>Le jury a \u00e9galement souhait\u00e9 attribuer deux mentions \u00e0 des projets remarquables pour leurs sp\u00e9cificit\u00e9s et leur d\u00e9termination<\/p><\/div><\/div><\/a><div class=\"multiple px-1\"><a href=\"https:\/\/agriweb.tv\/index.php\/film\/premiere-edition-du-trophee-des-jeunes-conducteurs-au-salon-de-lagriculture-nouvelle-aquitaine\/?t=emission&#038;n=linvitee\"><div class=\"thumb\"><img decoding=\"async\" src=\"https:\/\/agriweb.tv\/wp-content\/uploads\/2025\/05\/jeunes-v.jpg\"><\/div><div class=\"title\"><h4>1\u00e8re \u00e9dition du Troph\u00e9e<\/h4><h5>des Jeunes Conducteurs par la DRAAF<\/h5><\/div><div class=\"more\"><div class=\"toplay\"><i class=\"fas fa-play\"><\/i><\/div><div class=\"title\"><h4>Premi\u00e8re \u00e9dition du Troph\u00e9e des Jeunes Conducteurs au Salon de l&rsquo;Agriculture Nouvelle-Aquitaine<\/h4><\/div><p class=\"grey\">7 min 17 | Diffus\u00e9 le 27\/05\/2025<\/p><p>Les jeunes du lyc\u00e9e agricole de Barbezieux sont arriv\u00e9s \u00e0 une tr\u00e8s belle 3e place et partagent leur exp\u00e9rience.<\/p><\/div><\/div><\/a><div class=\"multiple px-1\"><a href=\"https:\/\/agriweb.tv\/index.php\/film\/rdv-de-lagrivoltaisme-agrivoltaisme-nouvelle-opportunite-pour-lagriculture-des-territoires\/?t=emission&#038;n=linvitee\"><div class=\"thumb\"><img decoding=\"async\" src=\"https:\/\/agriweb.tv\/wp-content\/uploads\/2025\/05\/AgriV-v.jpg\"><\/div><div class=\"title\"><h4>RDV de l&rsquo;agrivolta\u00efsme :<\/h4><h5>opportunit\u00e9 pour l&rsquo;agriculture des territoires<\/h5><\/div><div class=\"more\"><div class=\"toplay\"><i class=\"fas fa-play\"><\/i><\/div><div class=\"title\"><h4>RDV de l&rsquo;agrivolta\u00efsme : \u00ab\u00a0Agrivolta\u00efsme, nouvelle opportunit\u00e9 pour l&rsquo;agriculture des territoires\u00a0\u00bb<\/h4><\/div><p class=\"grey\">21 min 51 | Diffus\u00e9 le 26\/05\/2025<\/p><p> un projet collectif adapt\u00e9 au contexte p\u00e9doclimatique et porteur de d\u00e9veloppement pour le territoire Sud-Gironde.<\/p><\/div><\/div><\/a><div class=\"multiple px-1\"><a href=\"https:\/\/agriweb.tv\/index.php\/film\/contraintes-et-opportunites-de-lagrivoltaisme-retour-dexperience-dagriculteurs-en-nouvelle-aquitaine\/?t=emission&#038;n=linvitee\"><div class=\"thumb\"><img decoding=\"async\" src=\"https:\/\/agriweb.tv\/wp-content\/uploads\/2025\/05\/veles-v.jpg\"><\/div><div class=\"title\"><h4>Contraintes et opportunit\u00e9s de l&rsquo;agrivolta\u00efsme<\/h4><h5>retour d&rsquo;exp\u00e9rience d&rsquo;agriculteurs <\/h5><\/div><div class=\"more\"><div class=\"toplay\"><i class=\"fas fa-play\"><\/i><\/div><div class=\"title\"><h4>Contraintes et opportunit\u00e9s de l&rsquo;agrivolta\u00efsme, retour d&rsquo;exp\u00e9rience d&rsquo;agriculteurs en Nouvelle Aquitaine<\/h4><\/div><p class=\"grey\">12 min 33 | Diffus\u00e9 le 27\/05\/2025<\/p><p>Deux agriculteurs de Gironde sont venus pr\u00e9senter leur projet de panneaux photovolta\u00efques pour prot\u00e9ger leurs futures vaches.\u00a0<\/p><\/div><\/div><\/a><div class=\"multiple px-1\"><a href=\"https:\/\/agriweb.tv\/index.php\/film\/rdv-de-lagrimethanisation-vos-dechets-alimentaires-se-transforment-en-gaz-vert-et-en-fertilisant\/?t=emission&#038;n=linvitee\"><div class=\"thumb\"><img decoding=\"async\" src=\"https:\/\/agriweb.tv\/wp-content\/uploads\/2025\/05\/ECOVALI-V.jpg\"><\/div><div class=\"title\"><h4>RDV de l&rsquo;agrim\u00e9thanisation : <\/h4><h5>Vos d\u00e9chets alimentaires se transforment en gaz vert<\/h5><\/div><div class=\"more\"><div class=\"toplay\"><i class=\"fas fa-play\"><\/i><\/div><div class=\"title\"><h4>RDV de l&rsquo;agrim\u00e9thanisation : Vos d\u00e9chets alimentaires se transforment en gaz vert et en fertilisant<\/h4><\/div><p class=\"grey\">5 min 18 | Diffus\u00e9 le 27\/05\/2025<\/p><p>Sur le Salon de l&rsquo;Agriculture Nouvelle-Aquitaine 2025, vos d\u00e9chets alimentaires sont valoris\u00e9s. Ils sont transform\u00e9s en gaz vert et fertilisant.<\/p><\/div><\/div><\/a><div class=\"multiple px-1\"><a href=\"https:\/\/agriweb.tv\/index.php\/film\/decouverte-de-la-certification-hvn\/?t=emission&#038;n=linvitee\"><div class=\"thumb\"><img decoding=\"async\" src=\"https:\/\/agriweb.tv\/wp-content\/uploads\/2025\/05\/HVN-v.jpg\"><\/div><div class=\"title\"><h4>La certification HVN<\/h4><h5>\u00e0 Haute Valeur Naturelle<\/h5><\/div><div class=\"more\"><div class=\"toplay\"><i class=\"fas fa-play\"><\/i><\/div><div class=\"title\"><h4>D\u00e9couverte de la certification HVN<\/h4><\/div><p class=\"grey\">15 min 45 | Diffus\u00e9 le 28\/05\/2025<\/p><p>La m\u00e9thode \u00e9tablie par Solagro en 2006 pour le Centre Commun de Recherche (CCR) de la Commission Europ\u00e9enne permet de qualifier les zones agricoles \u00e0 Haute Valeur Naturelle (HVN) en France. Elle repose sur 3 indicateurs qui interagissent<\/p><\/div><\/div><\/a><div class=\"multiple px-1\"><a href=\"https:\/\/agriweb.tv\/index.php\/film\/paroles-de-champions-concours-primholstein-2\/?t=emission&#038;n=linvitee\"><div class=\"thumb\"><img decoding=\"async\" src=\"https:\/\/agriweb.tv\/wp-content\/uploads\/2025\/05\/favreau2-v.jpg\"><\/div><div class=\"title\"><h4>Concours Prim&rsquo;holstein<\/h4><h5>Grand gagnant Ludovic Favreau<\/h5><\/div><div class=\"more\"><div class=\"toplay\"><i class=\"fas fa-play\"><\/i><\/div><div class=\"title\"><h4>Paroles de Champions : Concours Prim&rsquo;holstein<\/h4><\/div><p class=\"grey\">6 min 30 | Diffus\u00e9 le 28\/05\/2025<\/p><p>\u00e9leveur en Charente, Ludovic qui a remport\u00e9 le Grand Prix avec Mitsy nous a rejoint pour nous faire part de ses \u00e9motions.<\/p><\/div><\/div><\/a><div class=\"multiple px-1\"><a href=\"https:\/\/agriweb.tv\/index.php\/film\/agrolandes-un-ecosysteme-dedie-a-linnovation-agricole-et-agro-industrie\/?t=emission&#038;n=linvitee\"><div class=\"thumb\"><img decoding=\"async\" src=\"https:\/\/agriweb.tv\/wp-content\/uploads\/2025\/05\/agrolandes-v.jpg\"><\/div><div class=\"title\"><h4>Agrolandes, technop\u00f4le<\/h4><h5>\u00e0 deux pas de Mont-de-Marsan<\/h5><\/div><div class=\"more\"><div class=\"toplay\"><i class=\"fas fa-play\"><\/i><\/div><div class=\"title\"><h4>Agrolandes : un \u00e9cosyst\u00e8me d\u00e9di\u00e9 \u00e0 l&rsquo;innovation agricole et agro-industrie<\/h4><\/div><p class=\"grey\">11 min 10 | Diffus\u00e9 le 29\/05\/2025<\/p><p>de nouveaux usages, de nouvelles technologies et de nouveaux mod\u00e8les \u00e9conomiques pour les entreprises des secteurs agricoles<\/p><\/div><\/div><\/a><div class=\"multiple px-1\"><a href=\"https:\/\/agriweb.tv\/index.php\/film\/biodechets-et-methanisation-lexemple-dune-economie-circulaire-sur-le-bassin-darcachon\/?t=emission&#038;n=linvitee\"><div class=\"thumb\"><img decoding=\"async\" src=\"https:\/\/agriweb.tv\/wp-content\/uploads\/2025\/05\/methane-v.jpg\"><\/div><div class=\"title\"><h4>RdV agrim\u00e9thanisation<\/h4><h5>biod\u00e9chets et m\u00e9thanisation<\/h5><\/div><div class=\"more\"><div class=\"toplay\"><i class=\"fas fa-play\"><\/i><\/div><div class=\"title\"><h4>Biod\u00e9chets et m\u00e9thanisation, l&rsquo;exemple d&rsquo;une \u00e9conomie circulaire sur le bassin d&rsquo;Arcachon<\/h4><\/div><p class=\"grey\">14 min 43 | Diffus\u00e9 le 29\/05\/2025<\/p><p>Pour illustrer ce propos, nous prenons l&rsquo;exemple du m\u00e9thaniseur Equibio Pays de Buch situ\u00e9 sur le commune de Mios en Gironde.<\/p><\/div><\/div><\/a><div class=\"multiple px-1\"><a href=\"https:\/\/agriweb.tv\/index.php\/film\/paroles-de-champions-concours-primholstein\/?t=emission&#038;n=linvitee\"><div class=\"thumb\"><img decoding=\"async\" src=\"https:\/\/agriweb.tv\/wp-content\/uploads\/2025\/05\/Favreau-.jpg\"><\/div><div class=\"title\"><h4>Paroles de Champions<\/h4><h5>Concours Prim&rsquo;holstein<\/h5><\/div><div class=\"more\"><div class=\"toplay\"><i class=\"fas fa-play\"><\/i><\/div><div class=\"title\"><h4>Paroles de Champions : Concours Prim&rsquo;holstein<\/h4><\/div><p class=\"grey\">6 min 29 | Diffus\u00e9 le 28\/05\/2025<\/p><p>Ludovic Favreau qui a remport\u00e9 le Grand Prix avec Mitsy nous fait part de ses \u00e9motions.<\/p><\/div><\/div><\/a><div class=\"multiple px-1\"><a href=\"https:\/\/agriweb.tv\/index.php\/film\/les-rdv-de-lagrivoltaisme-agrivoltaisme-et-legislation-faut-il-deja-reecrire-la-loi\/?t=emission&#038;n=linvitee\"><div class=\"thumb\"><img decoding=\"async\" src=\"https:\/\/agriweb.tv\/wp-content\/uploads\/2025\/05\/ASDEV-V.jpg\"><\/div><div class=\"title\"><h4>Agrivolta\u00efsme et l\u00e9gislation<\/h4><h5>faut-il d\u00e9j\u00e0 r\u00e9\u00e9crire la loi ?<\/h5><\/div><div class=\"more\"><div class=\"toplay\"><i class=\"fas fa-play\"><\/i><\/div><div class=\"title\"><h4>Les RDV de l&rsquo;Agrivolta\u00efsme : Agrivolta\u00efsme et l\u00e9gislation : faut-il d\u00e9j\u00e0 r\u00e9\u00e9crire la loi ?<\/h4><\/div><p class=\"grey\">17 min 17 | Diffus\u00e9 le 27\/05\/2025<\/p><p>Pour certains acteurs, le cadre actuel reste perfectible. Pour d\u2019autres, il faut laisser le temps \u00e0 la r\u00e9glementation de produire ses effets sur le terrain.<\/p><\/div><\/div><\/a><div class=\"multiple px-1\"><a href=\"https:\/\/agriweb.tv\/index.php\/film\/afdi-presentation-de-lig-huile-darachide-du-plateau-dagonlin-au-benin\/?t=emission&#038;n=linvitee\"><div class=\"thumb\"><img decoding=\"async\" src=\"https:\/\/agriweb.tv\/wp-content\/uploads\/2025\/05\/Benin-v.jpg\"><\/div><div class=\"title\"><h4>IG huile d&rsquo;arachide <\/h4><h5>du plateau d&rsquo;Agonlin au B\u00e9nin<\/h5><\/div><div class=\"more\"><div class=\"toplay\"><i class=\"fas fa-play\"><\/i><\/div><div class=\"title\"><h4>AFDI : pr\u00e9sentation de l&rsquo;IG huile d&rsquo;arachide du plateau d&rsquo;Agonlin au B\u00e9nin<\/h4><\/div><p class=\"grey\">17 min 11 | Diffus\u00e9 le 28\/05\/2025<\/p><p>La Fupro, l&rsquo;Afdi Nouvelle-Aquitaine et l&rsquo;Afdi B\u00e9nin ont accompagn\u00e9 : la cr\u00e9ation de l\u2019Association b\u00e9ninoise de l\u2019IG huile d\u2019Agonlin (Abigha)<\/p><\/div><\/div><\/a><div class=\"multiple px-1\"><a href=\"https:\/\/agriweb.tv\/index.php\/film\/laureats-2025-de-la-fondation-pour-une-agriculture-durable-en-nouvelle-aquitaine\/?t=emission&#038;n=linvitee\"><div class=\"thumb\"><img decoding=\"async\" src=\"https:\/\/agriweb.tv\/wp-content\/uploads\/2025\/05\/26-FADUNA-V.jpg\"><\/div><div class=\"title\"><h4>Laur\u00e9ats 2025<\/h4><h5>Fondation pour une Agriculture Durable<\/h5><\/div><div class=\"more\"><div class=\"toplay\"><i class=\"fas fa-play\"><\/i><\/div><div class=\"title\"><h4>Laur\u00e9ats 2025 de la Fondation pour une Agriculture Durable en Nouvelle-Aquitaine<\/h4><\/div><p class=\"grey\">28 min 19 | Diffus\u00e9 le 26\/05\/2025<\/p><p>Cr\u00e9\u00e9e en 2009, la Fondation a d\u00e9j\u00e0 r\u00e9compens\u00e9 pr\u00e8s de 100 agricultrices et agriculteurs (190.000 euros de prix)<\/p><\/div><\/div><\/a><div class=\"multiple px-1\"><a href=\"https:\/\/agriweb.tv\/index.php\/film\/3eme-edition-du-prix-joel-aubert-au-salon-de-lagriculture-nouvelle-aquitaine-2025\/?t=emission&#038;n=linvitee\"><div class=\"thumb\"><img decoding=\"async\" src=\"https:\/\/agriweb.tv\/wp-content\/uploads\/2025\/05\/26-PRIX-JA-V.jpg\"><\/div><div class=\"title\"><h4>Prix Jo\u00ebl Aubert 2025<\/h4><h5>remise des Troph\u00e9es aux \u00e9tudiants<\/h5><\/div><div class=\"more\"><div class=\"toplay\"><i class=\"fas fa-play\"><\/i><\/div><div class=\"title\"><h4>3\u00e8me \u00e9dition du Prix Jo\u00ebl Aubert au Salon de l\u2019Agriculture Nouvelle-Aquitaine 2025<\/h4><\/div><p class=\"grey\">20 min 40 | Diffus\u00e9 le 26\/05\/2025<\/p><p>2 \u00e9tudiants r\u00e9compens\u00e9s pour la qualit\u00e9 de leur travaux issus des \u00e9coles de journalisme : Laur\u00e9at du EJ Sciences Po Paris et CFJ Paris<\/p><\/div><\/div><\/a><div class=\"multiple px-1\"><a href=\"https:\/\/agriweb.tv\/index.php\/film\/culture-sol-et-methanisation\/?t=emission&#038;n=linvitee\"><div class=\"thumb\"><img decoding=\"async\" src=\"https:\/\/agriweb.tv\/wp-content\/uploads\/2025\/05\/27-Julie-CONSTANTIN.jpg\"><\/div><div class=\"title\"><h4>RDV de l&rsquo;agrim\u00e9thanisation<\/h4><h5>Culture, sol et m\u00e9thanisation<\/h5><\/div><div class=\"more\"><div class=\"toplay\"><i class=\"fas fa-play\"><\/i><\/div><div class=\"title\"><h4>RDV de l&rsquo;agrim\u00e9thanisation : Culture, sol et m\u00e9thanisation<\/h4><\/div><p class=\"grey\">25 min | Diffus\u00e9 le 26\/05\/2025<\/p><p>\u00ab\u00a0Culture, sol et m\u00e9thanisation\u00a0\u00bb\r\nUne agriculture durable tourn\u00e9e vers une \u00e9nergie d\u00e9carbon\u00e9e.<\/p><\/div><\/div><\/a><div class=\"multiple px-1\"><a href=\"https:\/\/agriweb.tv\/index.php\/film\/ouverture-des-prix-de-championnat-bazadais-et-blond-et-du-prix-baza-blond\/?t=emission&#038;n=linvitee\"><div class=\"thumb\"><img decoding=\"async\" src=\"https:\/\/agriweb.tv\/wp-content\/uploads\/2025\/05\/26-Ouverture-v.jpg\"><\/div><div class=\"title\"><h4>Prix de championnat<\/h4><h5>Bazadais \/ Blond et Baza\/Blond<\/h5><\/div><div class=\"more\"><div class=\"toplay\"><i class=\"fas fa-play\"><\/i><\/div><div class=\"title\"><h4>Ouverture des Prix de championnat bazadais et blond et du prix Baza\/Blond<\/h4><\/div><p class=\"grey\">7 min 36 | Diffus\u00e9 le 26\/05\/2025<\/p><p>Remise des Prix de championnat \u00e0 tous les premiers de section dans les diff\u00e9rentes cat\u00e9gories : jeunes, espoirs et adultes.<\/p><\/div><\/div><\/a><div class=\"multiple px-1\"><a href=\"https:\/\/agriweb.tv\/index.php\/film\/paroles-de-champions-bazadaise-a-aquitanima-2025\/?t=emission&#038;n=linvitee\"><div class=\"thumb\"><img decoding=\"async\" src=\"https:\/\/agriweb.tv\/wp-content\/uploads\/2025\/05\/25-Paloma-v.jpg\"><\/div><div class=\"title\"><h4>Paroles de Champions <\/h4><h5>Bazadaise \u00e0 Aquitanima 2025<\/h5><\/div><div class=\"more\"><div class=\"toplay\"><i class=\"fas fa-play\"><\/i><\/div><div class=\"title\"><h4>Paroles de Champions &#8211; Bazadaise \u00e0 Aquitanima 2025<\/h4><\/div><p class=\"grey\">11 min 26 | Diffus\u00e9 le 25\/05\/2025<\/p><p>Nicolas GUINOT, Elevage GAEC Guinot, Paloma SALOMON, Elevage Herv\u00e9 Guillen et Enzo SALOMON Elevage Isabelle Pecriaux partagent leur exp\u00e9rience. <\/p><\/div><\/div><\/a><div class=\"multiple px-1\"><a href=\"https:\/\/agriweb.tv\/index.php\/film\/alimentation-soyez-equilibres-avec-les-amis-de-cap-sciences\/?t=emission&#038;n=linvitee\"><div class=\"thumb\"><img decoding=\"async\" src=\"https:\/\/agriweb.tv\/wp-content\/uploads\/2025\/05\/25-1-Cap-Sciences-v.jpg\"><\/div><div class=\"title\"><h4>Alimentation : Soyez \u00e9quilibr\u00e9s <\/h4><h5>avec les amis de Cap Sciences<\/h5><\/div><div class=\"more\"><div class=\"toplay\"><i class=\"fas fa-play\"><\/i><\/div><div class=\"title\"><h4>Alimentation : Soyez \u00e9quilibr\u00e9s avec les amis de Cap Sciences<\/h4><\/div><p class=\"grey\">10 min 19 | Diffus\u00e9 le 25\/05\/2025<\/p><p>Les amis de Cap Sciences proposent une animation autour de l&rsquo;alimentation \u00e9quilibr\u00e9e.<\/p><\/div><\/div><\/a><div class=\"multiple px-1\"><a href=\"https:\/\/agriweb.tv\/index.php\/film\/presentation-de-la-race-charolaise-sur-aquitanima-2025\/?t=emission&#038;n=linvitee\"><div class=\"thumb\"><img decoding=\"async\" src=\"https:\/\/agriweb.tv\/wp-content\/uploads\/2025\/05\/25-1-Charolaise-v.jpg\"><\/div><div class=\"title\"><h4>La race Charolaise<\/h4><h5>pr\u00e9sent\u00e9e par Max Soulard<\/h5><\/div><div class=\"more\"><div class=\"toplay\"><i class=\"fas fa-play\"><\/i><\/div><div class=\"title\"><h4>Pr\u00e9sentation de la race Charolaise sur Aquitanima 2025<\/h4><\/div><p class=\"grey\">10 min 21 | Diffus\u00e9 le 25\/05\/2025<\/p><p>L&rsquo;\u00e9leveur \u00e0 Lorignac en Charente-Maritime repr\u00e9sente la race Charolaise. Il est venu avec six animaux<\/p><\/div><\/div><\/a><div class=\"multiple px-1\"><a href=\"https:\/\/agriweb.tv\/index.php\/film\/paroles-dagriculteurs-quand-le-solaire-sinvite-dans-la-ferme\/?t=emission&#038;n=linvitee\"><div class=\"thumb\"><img decoding=\"async\" src=\"https:\/\/agriweb.tv\/wp-content\/uploads\/2025\/05\/25-WattandCo-v.jpg\"><\/div><div class=\"title\"><h4>Watt &#038; Co accompagne les agriculteurs<\/h4><h5>dans leur projet en agrivolta\u00efque.<\/h5><\/div><div class=\"more\"><div class=\"toplay\"><i class=\"fas fa-play\"><\/i><\/div><div class=\"title\"><h4>Watt &#038; Co &#8211; Paroles d&rsquo;Agriculteurs : quand le solaire s&rsquo;invite dans la ferme.<\/h4><\/div><p class=\"grey\">19 min 12 | Diffus\u00e9 le 25\/05\/2025<\/p><p>Watt &#038; Co accompagne les agriculteurs dans  leur projet en agrivolta\u00efque.<\/p><\/div><\/div><\/a><div class=\"multiple px-1\"><a href=\"https:\/\/agriweb.tv\/index.php\/film\/equitaine-paroles-deleveurs-merens-poneys-landais-pottok\/?t=emission&#038;n=linvitee\"><div class=\"thumb\"><img decoding=\"async\" src=\"https:\/\/agriweb.tv\/wp-content\/uploads\/2025\/05\/25-1-Poneys-v.jpg\"><\/div><div class=\"title\"><h4>Paroles d&rsquo;\u00e9leveurs :<\/h4><h5>M\u00e9rens, poneys landais, pottok<\/h5><\/div><div class=\"more\"><div class=\"toplay\"><i class=\"fas fa-play\"><\/i><\/div><div class=\"title\"><h4>Equitaine &#8211; Paroles d&rsquo;\u00e9leveurs : M\u00e9rens, poneys landais, pottok<\/h4><\/div><p class=\"grey\">14 min 52 | Diffus\u00e9 le 25\/05\/2025<\/p><p>Parole aux \u00e9leveurs de M\u00e9rens, poneys landais et Pottok pr\u00e9sents sur Equitaine<\/p><\/div><\/div><\/a><div class=\"multiple px-1\"><a href=\"https:\/\/agriweb.tv\/index.php\/film\/les-rdv-de-lagrivoltaisme-lingenierie-agripv-vers-un-nouveau-metier\/?t=emission&#038;n=linvitee\"><div class=\"thumb\"><img decoding=\"async\" src=\"https:\/\/agriweb.tv\/wp-content\/uploads\/2025\/05\/251-AgriPV-v.jpg\"><\/div><div class=\"title\"><h4>L\u2019ing\u00e9nierie agriPV<\/h4><h5>vers un nouveau m\u00e9tier<\/h5><\/div><div class=\"more\"><div class=\"toplay\"><i class=\"fas fa-play\"><\/i><\/div><div class=\"title\"><h4>Les RDV de l&rsquo;Agrivolta\u00efsme : L\u2019ing\u00e9nierie agriPV, vers un nouveau m\u00e9tier<\/h4><\/div><p class=\"grey\">25 min 07 | Diffus\u00e9 le 25\/05\/2025<\/p><p>\u00c0 la crois\u00e9e de l\u2019agronomie, de l\u2019ing\u00e9nierie agricole, de l\u2019\u00e9nergie, de l\u2019\u00e9conomie rurale et de l\u2019am\u00e9nagement du territoire<\/p><\/div><\/div><\/a><\/div><script>jQuery(function(){\"use strict\";jQuery(\"#slider-emission-666479121\").slick({dots:false,infinite:true,speed:300,slidesToShow:4,slidesToScroll:1,responsive:[{breakpoint:1024,settings:{slidesToShow:3,slidesToScroll:1}},{breakpoint:600,settings:{slidesToShow:2,slidesToScroll:1}},{breakpoint:480,settings:{slidesToShow:1,slidesToScroll:1}}]});});<\/script><\/div>\n\n<div class=\"lazyblock-bandeau-TWlnp wp-block-lazyblock-bandeau\"><div class=\"row pb-3 bandeau\"><div class=\"col\"><h3>GO\u00dbT D\u2019AGRIWEB<\/h3><p>Produits et Saveurs de Nouvelle-Aquitaine, des recettes avec des produits d\u2019ici et de saison.<\/p><\/div><div class=\"col-2\"><a href=\"https:\/\/agriweb.tv\/index.php\/emission\/saveurs-regionales\" class=\"btn btn-custom bg-green mt-1\"><i class=\"fas fa-play\"><\/i> D\u00e9couvrir<\/a><\/div><\/div><div class=\"row row-cols-2 no-gutters mb-5 bg-white bandeau\"><div class=\"col-md-3 p-3 bandeau-txt\"><div><p>\u00a0<\/p>\n<h2>Go\u00fbt d&rsquo;Agri par l&rsquo;AANA<\/h2>\n<p>\u00a0<\/p>\n<p><span class=\"fontstyle0\">\u00ab portraits \u00bb afin de faire d\u00e9couvrir des sp\u00e9cialit\u00e9s r\u00e9gionales et montrer leur\u00a0 confection en coulisse (fromages, cannel\u00e9s, broy\u00e9 du Poitou, etc.)<br \/>\u2022 conseils nutrition<br \/>\u2022 autres th\u00e9matiques : \u0153nologie, boucherie, &#8230;<br \/><br \/><br \/><\/span><\/p>\n<p><span class=\"fontstyle0\">\u00ab Soyons Gourmands \u00bb avec un chef qui propose des recettes avec des produits d\u2019ici et de saison<\/span><\/p><\/div><\/div><div class=\"col-md-9 bandeau-img\"><img decoding=\"async\" src=\"https:\/\/agriweb.tv\/wp-content\/uploads\/2020\/11\/exemple1-1.png\" alt=\"\"><\/div><\/div><\/div>\n\n<div class=\"lazyblock-carousel-Z16amzJ wp-block-lazyblock-carousel\"><div class=\"row pb-3 bandeau\"><div class=\"col-12\"><h3>AGRIWEB DEBAT<\/h3><p>Revoir en replay tous les d\u00e9bats Agriweb grand public et professionnels<\/p><\/div><\/div><div class=\"slider responsive format-2 mb-5\" id=\"slider-emission-715923607\"><div class=\"multiple px-1\"><a href=\"https:\/\/agriweb.tv\/index.php\/film\/3-rdf-2025-vers-des-systemes-agricoles-moins-dependants-des-engrais-mineraux\/?t=emission&#038;n=les-debats-replay\"><div class=\"thumb\"><img decoding=\"async\" src=\"https:\/\/agriweb.tv\/wp-content\/uploads\/2026\/01\/3rdf.jpg\"><\/div><div class=\"title\"><h4>Vers des syst\u00e8mes agricoles<\/h4><h5>moins d\u00e9pendants des engrais min\u00e9raux<\/h5><\/div><div class=\"more\"><div class=\"toplay\"><i class=\"fas fa-play\"><\/i><\/div><div class=\"title\"><h4>3 RDF 2025 &#8211; Vers des syst\u00e8mes agricoles moins d\u00e9pendants des engrais min\u00e9raux<\/h4><\/div><p class=\"grey\">29 min | Diffus\u00e9 le 04\/12\/2025<\/p><p>Face aux d\u00e9fis g\u00e9opolitiques, environnementaux, \u00e9conomiques et soci\u00e9taux actuels, la r\u00e9duction de la d\u00e9pendance aux engrais min\u00e9raux s\u2019impose comme une voie incontournable pour l\u2019agriculture de demain<\/p><\/div><\/div><\/a><div class=\"multiple px-1\"><a href=\"https:\/\/agriweb.tv\/index.php\/film\/agriculture-responsable-et-methanisation-conference-au-salon-de-lagriculture-nouvelle-aquitaine\/?t=emission&#038;n=les-debats-replay\"><div class=\"thumb\"><img decoding=\"async\" src=\"https:\/\/agriweb.tv\/wp-content\/uploads\/2024\/05\/Methanisation.jpg\"><\/div><div class=\"title\"><h4>Agriculture responsable<\/h4><h5>et m\u00e9thanisation<\/h5><\/div><div class=\"more\"><div class=\"toplay\"><i class=\"fas fa-play\"><\/i><\/div><div class=\"title\"><h4>Agriculture responsable et m\u00e9thanisation, conf\u00e9rence au Salon de l&rsquo;Agriculture Nouvelle-Aquitaine<\/h4><\/div><p class=\"grey\">49 min 21 | Diffus\u00e9 le 23\/05\/2024<\/p><p>Autour de la table pour en discuter, Jean-Pierre Raynaud, vice-pr\u00e9sident charg\u00e9 de l&rsquo;Agriculture, de la Transition agro-\u00e9cologique, de l&rsquo;agroalimentaire, de la for\u00eat, la mer, la montagne ; F\u00e9lix Noblia co-fondateur de ReG\u00e9n\u00e9ration et agriculteur ; Antoine Bouzin, doctorant en sociologie et sciences politiques au Centre Emile Durkheim \u00e0 Bordeaux<\/p><\/div><\/div><\/a><div class=\"multiple px-1\"><a href=\"https:\/\/agriweb.tv\/index.php\/film\/les-raisons-du-malaise-et-ou-de-la-colere-des-agriculteurs-francais-et-europeens-les-solutions-pour-demain\/?t=emission&#038;n=les-debats-replay\"><div class=\"thumb\"><img decoding=\"async\" src=\"https:\/\/agriweb.tv\/wp-content\/uploads\/2024\/06\/uniagro-AWT.jpg\"><\/div><div class=\"title\"><h4>Les raisons de la col\u00e8re<\/h4><h5>des agriculteurs fran\u00e7ais et europ\u00e9ens<\/h5><\/div><div class=\"more\"><div class=\"toplay\"><i class=\"fas fa-play\"><\/i><\/div><div class=\"title\"><h4>\u00ab Les raisons du malaise et\/ou de la col\u00e8re des agriculteurs fran\u00e7ais et europ\u00e9ens \u2013 les solutions pour demain ? \u00bb<\/h4><\/div><p class=\"grey\">1 h 38 min | Diffus\u00e9 le 03\/06\/2024<\/p><p>D\u00e9bat organis\u00e9 par UNIAGROAQUITAINE &#8211; 25 mai 2024 dans le cadre du Salon de l\u2019Agriculture Nouvelle Aquitaine<\/p><\/div><\/div><\/a><div class=\"multiple px-1\"><a href=\"https:\/\/agriweb.tv\/index.php\/film\/egalim-ou-en-sommes-nous-innovations-et-impacts-dans-la-restauration-collective-sous-loeil-de-ceux-qui-doivent-lappliquer-au-quotidien\/?t=emission&#038;n=les-debats-replay\"><div class=\"thumb\"><img decoding=\"async\" src=\"https:\/\/agriweb.tv\/wp-content\/uploads\/2026\/01\/EGALIM.jpg\"><\/div><div class=\"title\"><h4>Loi EGALIM<\/h4><h5>o\u00f9 en sommes-nous ?<\/h5><\/div><div class=\"more\"><div class=\"toplay\"><i class=\"fas fa-play\"><\/i><\/div><div class=\"title\"><h4>EGALIM, o\u00f9 en sommes-nous ?<\/h4><\/div><p class=\"grey\">4 min 14 | Diffus\u00e9 le 17\/09\/2025<\/p><p>Cons\u00e9quence de la loi sur la formation\/adaptation des chefs en restauration collective, nouvelles pratiques pour atteindre les objectifs bio et circuits courts <\/p><\/div><\/div><\/a><div class=\"multiple px-1\"><a href=\"https:\/\/agriweb.tv\/index.php\/film\/webinaire-safer-comment-financer-son-projet-agricole\/?t=emission&#038;n=les-debats-replay\"><div class=\"thumb\"><img decoding=\"async\" src=\"https:\/\/agriweb.tv\/wp-content\/uploads\/2024\/05\/Webinaire.jpg\"><\/div><div class=\"title\"><h4>Comment financer son projet agricole ?<\/h4><h5>Webinaire SAFER<\/h5><\/div><div class=\"more\"><div class=\"toplay\"><i class=\"fas fa-play\"><\/i><\/div><div class=\"title\"><h4>Webinaire SAFER \u00ab Comment financer son projet agricole ? \u00bb<\/h4><\/div><p class=\"grey\">56 min 15 | Diffus\u00e9 le 22\/05\/2024<\/p><p>Pour concr\u00e9tiser votre projet d\u2019installation en agriculture, vous avez besoin de financements. Qui peut vous les octroyer ? Dans quels d\u00e9lais ? Sous quelles conditions ?<\/p><\/div><\/div><\/a><div class=\"multiple px-1\"><a href=\"https:\/\/agriweb.tv\/index.php\/film\/integration-du-projet-alimentaire-territorial-dans-la-restauration-scolaire-sante-publique\/?t=emission&#038;n=les-debats-replay\"><div class=\"thumb\"><img decoding=\"async\" src=\"https:\/\/agriweb.tv\/wp-content\/uploads\/2026\/01\/Restau-Scolaire-.jpg\"><\/div><div class=\"title\"><h4>Restauration scolaire<\/h4><h5>PAT et sant\u00e9 publique<\/h5><\/div><div class=\"more\"><div class=\"toplay\"><i class=\"fas fa-play\"><\/i><\/div><div class=\"title\"><h4>Int\u00e9gration du projet alimentaire territorial dans la restauration scolaire : sant\u00e9 publique<\/h4><\/div><p class=\"grey\">4 min 14 | Diffus\u00e9 le 17\/09\/2025<\/p><p>Comment le \u00ab projet alimentaire territoire \u00bb s\u2019inscrit dans la restauration scolaire des communes du territoire ?<\/p><\/div><\/div><\/a><div class=\"multiple px-1\"><a href=\"https:\/\/agriweb.tv\/index.php\/film\/exploration-repas-vegetariens-tendances-nutrition-presentation-culinaire\/?t=emission&#038;n=les-debats-replay\"><div class=\"thumb\"><img decoding=\"async\" src=\"https:\/\/agriweb.tv\/wp-content\/uploads\/2026\/01\/Repas-vegetariens.jpg\"><\/div><div class=\"title\"><h4>Repas v\u00e9g\u00e9tariens<\/h4><h5>tendances, nutrition, pr\u00e9sentation culinaire<\/h5><\/div><div class=\"more\"><div class=\"toplay\"><i class=\"fas fa-play\"><\/i><\/div><div class=\"title\"><h4>Exploration repas v\u00e9g\u00e9tariens, tendances, nutrition, pr\u00e9sentation culinaire<\/h4><\/div><p class=\"grey\">4 min 14 | Diffus\u00e9 le 17\/09\/2025<\/p><p>C\u00e9line JORGE \u00a0 formatrice d\u2019ateliers de cuisine v\u00e9g\u00e9tarienne anime cette conf\u00e9rence en interaction avec les participants<\/p><\/div><\/div><\/a><div class=\"multiple px-1\"><a href=\"https:\/\/agriweb.tv\/index.php\/film\/la-reconquete-de-la-qualite-de-leau-un-enjeu-aux-multiples-acteurs-2\/?t=emission&#038;n=les-debats-replay\"><div class=\"thumb\"><img decoding=\"async\" src=\"https:\/\/agriweb.tv\/wp-content\/uploads\/2024\/03\/Guillaume-RIOU.jpg\"><\/div><div class=\"title\"><h4>Qualit\u00e9 de l\u2019eau<\/h4><h5>dans les Deux-S\u00e8vres<\/h5><\/div><div class=\"more\"><div class=\"toplay\"><i class=\"fas fa-play\"><\/i><\/div><div class=\"title\"><h4>La reconqu\u00eate de la qualit\u00e9 de l\u2019eau, un enjeu aux multiples acteurs<\/h4><\/div><p class=\"grey\">3 min 19 | Diffus\u00e9 le 30\/03\/2024<\/p><p>La reconqu\u00eate de la qualit\u00e9 de l\u2019eau, un enjeu aux multiples acteurs<\/p><\/div><\/div><\/a><div class=\"multiple px-1\"><a href=\"https:\/\/agriweb.tv\/index.php\/film\/master-class-techniques-et-astuces-de-patisserie-pour-la-restauration\/?t=emission&#038;n=les-debats-replay\"><div class=\"thumb\"><img decoding=\"async\" src=\"https:\/\/agriweb.tv\/wp-content\/uploads\/2026\/01\/MASTER-CLASS.jpg\"><\/div><div class=\"title\"><h4>Techniques et astuces <\/h4><h5>de p\u00e2tisserie pour la restauration<\/h5><\/div><div class=\"more\"><div class=\"toplay\"><i class=\"fas fa-play\"><\/i><\/div><div class=\"title\"><h4>Master Class &#8211; Techniques et astuces de p\u00e2tisserie pour la restauration<\/h4><\/div><p class=\"grey\">4 min 14 | Diffus\u00e9 le 17\/09\/2025<\/p><p>Interviews de formateurs Master Class p\u00e2tisserie de restauration collective : T\u00e9moignages de 6 formateurs et directeurs et DDFPT <\/p><\/div><\/div><\/a><div class=\"multiple px-1\"><a href=\"https:\/\/agriweb.tv\/index.php\/film\/3rdf-rapprocher-agriculture-et-societe-jeudi-5-decembre-2024\/?t=emission&#038;n=les-debats-replay\"><div class=\"thumb\"><img decoding=\"async\" src=\"https:\/\/agriweb.tv\/wp-content\/uploads\/2024\/11\/3rdf-v.jpg\"><\/div><div class=\"title\"><h4>3RDF : rapprocher <\/h4><h5>agriculture et soci\u00e9t\u00e9 <\/h5><\/div><div class=\"more\"><div class=\"toplay\"><i class=\"fas fa-play\"><\/i><\/div><div class=\"title\"><h4>3RDF : rapprocher agriculture et soci\u00e9t\u00e9 &#8211; Revoir le direct du 5 d\u00e9cembre 2024 \u00e0 N\u00e9rac<\/h4><\/div><p class=\"grey\">5 h | Diffus\u00e9 le 28\/11\/2024<\/p><p>\u00a0Rencontres r\u00e9gionales de la recherche, du d\u00e9veloppement et de la formation<\/p><\/div><\/div><\/a><div class=\"multiple px-1\"><a href=\"https:\/\/agriweb.tv\/index.php\/film\/la-reconquete-de-la-qualite-de-leau-un-enjeu-aux-multiples-acteurs\/?t=emission&#038;n=les-debats-replay\"><div class=\"thumb\"><img decoding=\"async\" src=\"https:\/\/agriweb.tv\/wp-content\/uploads\/2024\/03\/CDFR87.jpg\"><\/div><div class=\"title\"><h4>Qualit\u00e9 de l&rsquo;eau<\/h4><h5>enjeu aux multiples acteurs<\/h5><\/div><div class=\"more\"><div class=\"toplay\"><i class=\"fas fa-play\"><\/i><\/div><div class=\"title\"><h4>La reconqu\u00eate de la qualit\u00e9 de l&rsquo;eau, un enjeu aux multiples acteurs<\/h4><\/div><p class=\"grey\">2 min 54 | Diffus\u00e9 le 25\/03\/2024<\/p><p>Avec Erwan HENNEQUIN, directeur du Conservatoire d\u2019Espaces Naturels de la Haute-Vienne <\/p><\/div><\/div><\/a><div class=\"multiple px-1\"><a href=\"https:\/\/agriweb.tv\/index.php\/film\/renouvellement-des-generations-en-agriculture\/?t=emission&#038;n=les-debats-replay\"><div class=\"thumb\"><img decoding=\"async\" src=\"https:\/\/agriweb.tv\/wp-content\/uploads\/2024\/03\/CDFR40-e1714115348238.jpg\"><\/div><div class=\"title\"><h4>Renouvellement <\/h4><h5>des g\u00e9n\u00e9rations en agriculture<\/h5><\/div><div class=\"more\"><div class=\"toplay\"><i class=\"fas fa-play\"><\/i><\/div><div class=\"title\"><h4>Renouvellement des g\u00e9n\u00e9rations en agriculture<\/h4><\/div><p class=\"grey\">2 min 57 | Diffus\u00e9 le 19\/03\/2024<\/p><p>Landes &#8211; Conf\u00e9rence D\u00e9partementale du Foncier Rural avec Vivien et Julie SANTOS, jeune install\u00e9<\/p><\/div><\/div><\/a><div class=\"multiple px-1\"><a href=\"https:\/\/agriweb.tv\/index.php\/film\/remise-des-trophees-de-lagro-ecologie-2023-2024-au-salon-de-lagriculture-nouvelle-aquitaine\/?t=emission&#038;n=les-debats-replay\"><div class=\"thumb\"><img decoding=\"async\" src=\"https:\/\/agriweb.tv\/wp-content\/uploads\/2024\/05\/TROPHEES-AGROECOLOGIE.jpg\"><\/div><div class=\"title\"><h4>Troph\u00e9es de l\u2019Agro-Ecologie 2023-2024 <\/h4><h5>\u00ab Prix de l\u2019innovation \u00bb<\/h5><\/div><div class=\"more\"><div class=\"toplay\"><i class=\"fas fa-play\"><\/i><\/div><div class=\"title\"><h4>Remise des Troph\u00e9es de l\u2019Agro-Ecologie 2023-2024 au Salon de l&rsquo;Agriculture Nouvelle-Aquitaine<\/h4><\/div><p class=\"grey\">15 min | Diffus\u00e9 le 25\/05\/2024<\/p><p>Le troph\u00e9e de l\u2019agro-\u00e9cologie organis\u00e9 la DRAAF (direction de l&rsquo;alimentation, de l&rsquo;agriculture, et de la for\u00eat) dans la cat\u00e9gorie \u00ab Prix de l\u2019innovation \u00bb a \u00e9t\u00e9 attribu\u00e9 en janvier 2024 \u00e0 la SCEA des Vergers de la Roche.<\/p><\/div><\/div><\/a><div class=\"multiple px-1\"><a href=\"https:\/\/agriweb.tv\/index.php\/film\/10emes-etats-generaux-de-linnovation\/?t=emission&#038;n=les-debats-replay\"><div class=\"thumb\"><img decoding=\"async\" src=\"https:\/\/agriweb.tv\/wp-content\/uploads\/2024\/06\/EGI-2024.jpg\"><\/div><div class=\"title\"><h4>Initiatives Innovantes <\/h4><h5>Agriculture &#038; Soci\u00e9t\u00e9<\/h5><\/div><div class=\"more\"><div class=\"toplay\"><i class=\"fas fa-play\"><\/i><\/div><div class=\"title\"><h4>10\u00e8mes Etats G\u00e9n\u00e9raux de l\u2019Innovation<\/h4><\/div><p class=\"grey\">2 min | Diffus\u00e9 le 23\/05\/2024<\/p><p>Les Laboratoires d\u2019innovation territoriale du programme VITIREV et les interactions citoyennes. Bien vivre ensemble en Gironde<\/p><\/div><\/div><\/a><div class=\"multiple px-1\"><a href=\"https:\/\/agriweb.tv\/index.php\/film\/journee-nationale-de-lagriculture-le-16-juin-2024\/?t=emission&#038;n=les-debats-replay\"><div class=\"thumb\"><img decoding=\"async\" src=\"https:\/\/agriweb.tv\/wp-content\/uploads\/2024\/06\/Journee-nationale-de-lagric.jpg\"><\/div><div class=\"title\"><h4>Journ\u00e9e nationale<\/h4><h5>de l\u2019agriculture : 16 juin 2024<\/h5><\/div><div class=\"more\"><div class=\"toplay\"><i class=\"fas fa-play\"><\/i><\/div><div class=\"title\"><h4>Journ\u00e9e nationale de l\u2019agriculture : le 16 juin 2024<\/h4><\/div><p class=\"grey\">3 min | Diffus\u00e9 le 16\/06\/2024<\/p><p>Ev\u00e9nement annuel incontournable, destin\u00e9 \u00e0 sensibiliser le grand public aux enjeux contemporains de l\u2019agronomie et de la sylviculture. <\/p><\/div><\/div><\/a><div class=\"multiple px-1\"><a href=\"https:\/\/agriweb.tv\/index.php\/film\/la-safer-au-coeur-dune-installation-en-grandes-cultures\/?t=emission&#038;n=les-debats-replay\"><div class=\"thumb\"><img decoding=\"async\" src=\"https:\/\/agriweb.tv\/wp-content\/uploads\/2024\/03\/CDFR40-e1714115348238.jpg\"><\/div><div class=\"title\"><h4>C\u0153ur d&rsquo;une installation<\/h4><h5>en grandes cultures<\/h5><\/div><div class=\"more\"><div class=\"toplay\"><i class=\"fas fa-play\"><\/i><\/div><div class=\"title\"><h4>La Safer au c\u0153ur d&rsquo;une installation en grandes cultures<\/h4><\/div><p class=\"grey\">2 min 57 | Diffus\u00e9 le 19\/03\/2024<\/p><p>Landes &#8211; Conf\u00e9rence D\u00e9partementale du Foncier Rural avec Vivien et Julie SANTOS, jeunes install\u00e9s<\/p><\/div><\/div><\/a><div class=\"multiple px-1\"><a href=\"https:\/\/agriweb.tv\/index.php\/film\/sinstaller-en-viticulture-cest-encore-possible\/?t=emission&#038;n=les-debats-replay\"><div class=\"thumb\"><img decoding=\"async\" src=\"https:\/\/agriweb.tv\/wp-content\/uploads\/2024\/03\/Sacha-LACOUR.jpg\"><\/div><div class=\"title\"><h4>Producteurs <\/h4><h5>et restaurateurs !<\/h5><\/div><div class=\"more\"><div class=\"toplay\"><i class=\"fas fa-play\"><\/i><\/div><div class=\"title\"><h4>Producteurs de volailles et de porcs, ils viennent d&rsquo;ouvrir un restaurant<\/h4><\/div><p class=\"grey\">3 min | Diffus\u00e9 le 17\/03\/2024<\/p><p>Thierry LURTON et Sacha LACOUR ARJAUD producteurs de volailles et de porcs qui viennent d&rsquo;ouvrir un restaurant<\/p><\/div><\/div><\/a><div class=\"multiple px-1\"><a href=\"https:\/\/agriweb.tv\/index.php\/film\/agriculteur-ca-sapprend\/?t=emission&#038;n=les-debats-replay\"><div class=\"thumb\"><img decoding=\"async\" src=\"https:\/\/agriweb.tv\/wp-content\/uploads\/2021\/05\/18mai10h-L-e1714115253648.jpg\"><\/div><div class=\"title\"><h4>Agriculteur, \u00e7a s\u2019apprend ?<\/h4><h5>Replay du d\u00e9bat mardi 18 mai<\/h5><\/div><div class=\"more\"><div class=\"toplay\"><i class=\"fas fa-play\"><\/i><\/div><div class=\"title\"><h4>Revoir le d\u00e9bat : Agriculteur, \u00e7a s\u2019apprend ?<\/h4><\/div><p class=\"grey\">1 h 30 min | Diffus\u00e9 le 18\/05\/2021<\/p><p>Replay du d\u00e9bat  mardi 18 mai \r\nEn direct du lyc\u00e9e agricole de Montmorillon (86)<\/p><\/div><\/div><\/a><div class=\"multiple px-1\"><a href=\"https:\/\/agriweb.tv\/index.php\/film\/lart-de-la-regulation-quels-impacts-sur-nos-territoires\/?t=emission&#038;n=les-debats-replay\"><div class=\"thumb\"><img decoding=\"async\" src=\"https:\/\/agriweb.tv\/wp-content\/uploads\/2024\/03\/CDFR24.jpg\"><\/div><div class=\"title\"><h4>L\u2019art de la r\u00e9gulation<\/h4><h5>quels impacts sur nos territoires ?<\/h5><\/div><div class=\"more\"><div class=\"toplay\"><i class=\"fas fa-play\"><\/i><\/div><div class=\"title\"><h4>L\u2019art de la r\u00e9gulation, quels impacts sur nos territoires ?<\/h4><\/div><p class=\"grey\">Diffus\u00e9 le 18\/03\/2024<\/p><p>Dordogne &#8211; Conf\u00e9rence D\u00e9partementale du Foncier Rural &#8211; Avec la participation de :\r\nM. Lamontagne, Pr\u00e9fet de la Dordogne<\/p><\/div><\/div><\/a><div class=\"multiple px-1\"><a href=\"https:\/\/agriweb.tv\/index.php\/film\/quel-avenir-pour-le-foncier-viticole-en-cognac\/?t=emission&#038;n=les-debats-replay\"><div class=\"thumb\"><img decoding=\"async\" src=\"https:\/\/agriweb.tv\/wp-content\/uploads\/2024\/03\/cdfr-16-17.jpg\"><\/div><div class=\"title\"><h4>Quel avenir pour <\/h4><h5>le foncier viticole en Cognac ?<\/h5><\/div><div class=\"more\"><div class=\"toplay\"><i class=\"fas fa-play\"><\/i><\/div><div class=\"title\"><h4>Quel avenir pour le foncier viticole en Cognac ?<\/h4><\/div><p class=\"grey\">3 min 23 | Diffus\u00e9 le 14\/03\/2024<\/p><p>Charente et Charente-Maritime &#8211; Conf\u00e9rence D\u00e9partementale du Foncier Rural\r\n1. Enjeux et d\u00e9fis \u00e0 relever\r\n2. Quelle politique fonci\u00e8re et avec quels outils ?<\/p><\/div><\/div><\/a><div class=\"multiple px-1\"><a href=\"https:\/\/agriweb.tv\/index.php\/film\/le-salon-de-lagriculture-nouvelle-aquitaine-recycle-les-coquilles-dhuitres\/?t=emission&#038;n=les-debats-replay\"><div class=\"thumb\"><img decoding=\"async\" src=\"https:\/\/agriweb.tv\/wp-content\/uploads\/2023\/05\/Coquilles-v-1.jpg\"><\/div><div class=\"title\"><h4>Ici on recycle<\/h4><h5>les coquilles d&rsquo;hu\u00eetres !<\/h5><\/div><div class=\"more\"><div class=\"toplay\"><i class=\"fas fa-play\"><\/i><\/div><div class=\"title\"><h4>Le Salon de l\u2019Agriculture Nouvelle-Aquitaine recycle les coquilles d&rsquo;hu\u00eetres !<\/h4><\/div><p class=\"grey\">12 min 21 | Diffus\u00e9 le 18\/05\/2023<\/p><p>Que faire des coquilles d&rsquo;hu\u00eetres ? Une association bordelaise, Coquilles, les r\u00e9cup\u00e8re afin de les r\u00e9employer dans diverses projets.<\/p><\/div><\/div><\/a><div class=\"multiple px-1\"><a href=\"https:\/\/agriweb.tv\/index.php\/film\/17h30-leleveur-et-ses-animaux-un-bien-etre-partage-pour-un-elevage-durable\/?t=emission&#038;n=les-debats-replay\"><div class=\"thumb\"><img decoding=\"async\" src=\"https:\/\/agriweb.tv\/wp-content\/uploads\/2021\/05\/18mai17h30-L.jpg\"><\/div><div class=\"title\"><h4>L\u2019\u00e9leveur et ses animaux, <\/h4><h5>Bien \u00eatre animal intimement li\u00e9 celui de l&rsquo;\u00e9leveur<\/h5><\/div><div class=\"more\"><div class=\"toplay\"><i class=\"fas fa-play\"><\/i><\/div><div class=\"title\"><h4>Revoir le d\u00e9bat : L\u2019\u00e9leveur et ses animaux, un bien-\u00eatre partag\u00e9 pour un \u00e9levage durable<\/h4><\/div><p class=\"grey\">1 h 30 min | Diffus\u00e9 le 18\/05\/2021<\/p><p>un bien-\u00eatre partag\u00e9 pour un \u00e9levage durable : Bien \u00eatre animal intimement li\u00e9 celui de l&rsquo;\u00e9leveur<\/p><\/div><\/div><\/a><div class=\"multiple px-1\"><a href=\"https:\/\/agriweb.tv\/index.php\/film\/debat-en-direct-la-transmission-en-agriculture-une-histoire-humaine-avant-tout-3\/?t=emission&#038;n=les-debats-replay\"><div class=\"thumb\"><img decoding=\"async\" src=\"https:\/\/agriweb.tv\/wp-content\/uploads\/2021\/11\/Installation.jpg\"><\/div><div class=\"title\"><h4>Transmission en agriculture<\/h4><h5>une histoire humaine avant tout !<\/h5><\/div><div class=\"more\"><div class=\"toplay\"><i class=\"fas fa-play\"><\/i><\/div><div class=\"title\"><h4>Replay : La transmission en agriculture, une histoire humaine avant tout !<\/h4><\/div><p class=\"grey\">1 min 15 | Diffus\u00e9 le 24\/11\/2021<\/p><p>Mercredi 24 novembre 2021 de 14 h 30 \u00e0 15 h 45 \u00e0 Capr\u2019Inov (Parc Expo Niort)<\/p><\/div><\/div><\/a><div class=\"multiple px-1\"><a href=\"https:\/\/agriweb.tv\/index.php\/film\/rencontre-avec-robert-bouche-passionne-de-merens\/?t=emission&#038;n=les-debats-replay\"><div class=\"thumb\"><img decoding=\"async\" src=\"https:\/\/agriweb.tv\/wp-content\/uploads\/2023\/05\/Merens-v.jpg\"><\/div><div class=\"title\"><h4>M\u00e9rens<\/h4><h5>race originaire de l&rsquo;Arri\u00e8ge<\/h5><\/div><div class=\"more\"><div class=\"toplay\"><i class=\"fas fa-play\"><\/i><\/div><div class=\"title\"><h4>Rencontre avec Robert Bouche passionn\u00e9 de M\u00e9rens<\/h4><\/div><p class=\"grey\">7 min 15 | Diffus\u00e9 le 18\/05\/2023<\/p><p>Diego du Bocage, un M\u00e9rens, race originaire de l&rsquo;Arri\u00e8ge <\/p><\/div><\/div><\/a><div class=\"multiple px-1\"><a href=\"https:\/\/agriweb.tv\/index.php\/film\/presentation-dhippomeca-et-de-lecole-national-du-cheval-vigneron\/?t=emission&#038;n=les-debats-replay\"><div class=\"thumb\"><img decoding=\"async\" src=\"https:\/\/agriweb.tv\/wp-content\/uploads\/2023\/05\/hippomeca-v.jpg\"><\/div><div class=\"title\"><h4>Hippomeca <\/h4><h5>cheval vigneron<\/h5><\/div><div class=\"more\"><div class=\"toplay\"><i class=\"fas fa-play\"><\/i><\/div><div class=\"title\"><h4>Pr\u00e9sentation d&rsquo;hippomeca et de l&rsquo;\u00e9cole nationale du cheval vigneron<\/h4><\/div><p class=\"grey\">8 min 39 | Diffus\u00e9 le 19\/05\/2023<\/p><p>J\u00e9r\u00f4me Mouret (\u00e9ducateur et comportementaliste \u00e9quin) est formateur \u00e0 l&rsquo;\u00e9cole nationale du cheval vigneron qu&rsquo;il est venu nous pr\u00e9senter.<\/p><\/div><\/div><\/a><div class=\"multiple px-1\"><a href=\"https:\/\/agriweb.tv\/index.php\/film\/rencontre-avec-corinne-lacoste-productrice-darmagnacs-et-de-floc-sur-le-marche-des-producteurs\/?t=emission&#038;n=les-debats-replay\"><div class=\"thumb\"><img decoding=\"async\" src=\"https:\/\/agriweb.tv\/wp-content\/uploads\/2023\/05\/Lacoste-v.jpg\"><\/div><div class=\"title\"><h4>productrice d&rsquo;Armagnacs<\/h4><h5>et de flocs<\/h5><\/div><div class=\"more\"><div class=\"toplay\"><i class=\"fas fa-play\"><\/i><\/div><div class=\"title\"><h4>Rencontre avec Corinne Lacoste, productrice d&rsquo;Armagnacs et de Floc sur le march\u00e9 des producteurs<\/h4><\/div><p class=\"grey\">2 min 41 | Diffus\u00e9 le 19\/05\/2023<\/p><p>et de Flocs dans les Landes \u00e0 Hontanx<\/p><\/div><\/div><\/a><div class=\"multiple px-1\"><a href=\"https:\/\/agriweb.tv\/index.php\/film\/agrivoltaisme-de-nouveaux-outils-au-service-de-lagriculture-durable\/?t=emission&#038;n=les-debats-replay\"><div class=\"thumb\"><img decoding=\"async\" src=\"https:\/\/agriweb.tv\/wp-content\/uploads\/2023\/05\/Agrovoltaisme-v.jpg\"><\/div><div class=\"title\"><h4>Agrivolta\u00efsme<\/h4><h5>&#038; agriculture durable.<\/h5><\/div><div class=\"more\"><div class=\"toplay\"><i class=\"fas fa-play\"><\/i><\/div><div class=\"title\"><h4>Agrivolta\u00efsme : de nouveaux outils au service de l&rsquo;agriculture durable.<\/h4><\/div><p class=\"grey\">43 min 15 | Diffus\u00e9 le 19\/05\/2023<\/p><p>Une fili\u00e8re qui se structure peu \u00e0 peu. Agrivolta\u00efsme : de nouveaux outils au service de l&rsquo;agriculture durable,<\/p><\/div><\/div><\/a><div class=\"multiple px-1\"><a href=\"https:\/\/agriweb.tv\/index.php\/film\/toxibees-connaitre-et-mieux-choisir-ses-phyto-pour-preserver-ses-abeilles\/?t=emission&#038;n=les-debats-replay\"><div class=\"thumb\"><img decoding=\"async\" src=\"https:\/\/agriweb.tv\/wp-content\/uploads\/2023\/05\/Toxibees-v.jpg\"><\/div><div class=\"title\"><h4>BEE FRIENDLY<\/h4><h5>protection des pollinisateurs<\/h5><\/div><div class=\"more\"><div class=\"toplay\"><i class=\"fas fa-play\"><\/i><\/div><div class=\"title\"><h4>Toxibees, conna\u00eetre et mieux choisir ses phyto pour pr\u00e9server ses abeilles<\/h4><\/div><p class=\"grey\">26 min 50 | Diffus\u00e9 le 19\/05\/2023<\/p><p>Label des agriculteurs engag\u00e9s pour la protection des pollinisateurs BEE FRIENDLY a mis en place un outil gratuit, accessible sur Internet<\/p><\/div><\/div><\/a><div class=\"multiple px-1\"><a href=\"https:\/\/agriweb.tv\/index.php\/film\/effets-de-la-preparation-physique-sur-la-qualite-dequilibre-du-cavalier-et-la-prevention-des-blessures\/?t=emission&#038;n=les-debats-replay\"><div class=\"thumb\"><img decoding=\"async\" src=\"https:\/\/agriweb.tv\/wp-content\/uploads\/2023\/03\/Jumping-Bordeaux-2023-v.jpg\"><\/div><div class=\"title\"><h4>Qualit\u00e9 d&rsquo;\u00e9quilibre du cavalier <\/h4><h5>et pr\u00e9vention des blessures &#8211; MSA<\/h5><\/div><div class=\"more\"><div class=\"toplay\"><i class=\"fas fa-play\"><\/i><\/div><div class=\"title\"><h4>Effets de la pr\u00e9paration physique sur la qualit\u00e9 d&rsquo;\u00e9quilibre du cavalier<\/h4><\/div><p class=\"grey\">51 min | Diffus\u00e9 le 29\/03\/2023<\/p><p>qualit\u00e9 d&rsquo;\u00e9quilibre et pr\u00e9vention des blessures <\/p><\/div><\/div><\/a><div class=\"multiple px-1\"><a href=\"https:\/\/agriweb.tv\/index.php\/film\/veronique-monteil-nous-presente-le-poney-landais-sur-le-salon-de-lagriculture-nouvelle-aquitaine\/?t=emission&#038;n=les-debats-replay\"><div class=\"thumb\"><img decoding=\"async\" src=\"https:\/\/agriweb.tv\/wp-content\/uploads\/2023\/05\/Poneys-Landais-v.jpg\"><\/div><div class=\"title\"><h4>Poney Landais<\/h4><h5>des ann\u00e9es 60&prime;<\/h5><\/div><div class=\"more\"><div class=\"toplay\"><i class=\"fas fa-play\"><\/i><\/div><div class=\"title\"><h4>V\u00e9ronique Monteil nous pr\u00e9sente le Poney Landais<\/h4><\/div><p class=\"grey\">7 min 56 | Diffus\u00e9 le 20\/05\/2023<\/p><p>Le Poney Landais a des sp\u00e9cificit\u00e9s qui participent \u00e0 sa renomm\u00e9e. T\u00e9moignage de V\u00e9ronique pr\u00e9sidente de l&rsquo;association nationale<\/p><\/div><\/div><\/a><\/div><script>jQuery(function(){\"use strict\";jQuery(\"#slider-emission-715923607\").slick({dots:false,infinite:true,speed:300,slidesToShow:5,slidesToScroll:1,responsive:[{breakpoint:1024,settings:{slidesToShow:3,slidesToScroll:1}},{breakpoint:600,settings:{slidesToShow:2,slidesToScroll:1}},{breakpoint:480,settings:{slidesToShow:1,slidesToScroll:1}}]});});<\/script><\/div>\n\n<div class=\"lazyblock-bandeau-Z1Tu0qD wp-block-lazyblock-bandeau\"><div class=\"row pb-3 bandeau\"><div class=\"col\"><h3>L\u2019\u00c9V\u00c9NEMENT AGRIWEB : DANS LES COULISSES&#8230;<\/h3><p>Focus sur un \u00e9v\u00e9nement agricole : Agr&#039;Inov, Vinitech, Capr&#039;inov, Semaine de la M\u00e9thanisation, SANA, &#8230;<\/p><\/div><div class=\"col-2\"><a href=\"https:\/\/agriweb.tv\/index.php\/emission\/evenement\/\" class=\"btn btn-custom bg-white mt-1\"><i class=\"fas fa-play\"><\/i> D\u00e9couvrir<\/a><\/div><\/div><div class=\"row row-cols-2 no-gutters mb-5 bg-blue bandeau\"><div class=\"col-md-9 bandeau-img\"><img decoding=\"async\" src=\"https:\/\/agriweb.tv\/wp-content\/uploads\/2021\/01\/evenement.jpg\" alt=\"\"><\/div><div class=\"col-md-3 p-3 bandeau-txt\"><div><ul>\n<li>Capr&rsquo;Inov, Agrinove<\/li>\n<li>Semaine de la m\u00e9thanisation<\/li>\n<li>Vinitech<\/li>\n<\/ul>\n<h1>Semaine du miel<\/h1>\n<p><em>19 au 26 f\u00e9vrier 2021<\/em><\/p>\n<hr \/>\n<p>\u00a0<\/p><\/div><\/div><\/div>\n\n<div class=\"lazyblock-carousel-2jpNG9 wp-block-lazyblock-carousel\"><div class=\"row pb-3 bandeau\"><div class=\"col-12\"><h3>AGRIWEBINAIRES<\/h3><p>Les d\u00e9bats professionnels interactifs <\/p><\/div><\/div><div class=\"slider responsive format-1 mb-5\" id=\"slider-emission-444859561\"><div class=\"multiple px-1\"><a href=\"https:\/\/agriweb.tv\/index.php\/film\/webinaire-safer-comment-financer-son-projet-agricole\/?t=emission&#038;n=webinaire\"><div class=\"thumb\"><img decoding=\"async\" src=\"https:\/\/agriweb.tv\/wp-content\/uploads\/2024\/05\/Webinaire.jpg\"><\/div><div class=\"title\"><h4>Comment financer son projet agricole ?<\/h4><h5>Webinaire SAFER<\/h5><\/div><div class=\"more\"><div class=\"toplay\"><i class=\"fas fa-play\"><\/i><\/div><div class=\"title\"><h4>Webinaire SAFER \u00ab Comment financer son projet agricole ? \u00bb<\/h4><\/div><p class=\"grey\">56 min 15 | Diffus\u00e9 le 22\/05\/2024<\/p><p>Pour concr\u00e9tiser votre projet d\u2019installation en agriculture, vous avez besoin de financements. Qui peut vous les octroyer ? Dans quels d\u00e9lais ? Sous quelles conditions ?<\/p><\/div><\/div><\/a><div class=\"multiple px-1\"><a href=\"https:\/\/agriweb.tv\/index.php\/film\/webinaire-la-recherche-au-service-des-biosolutions\/?t=emission&#038;n=webinaire\"><div class=\"thumb\"><img decoding=\"async\" src=\"https:\/\/agriweb.tv\/wp-content\/uploads\/2023\/05\/Biosolutions-Webi-v.jpg\"><\/div><div class=\"title\"><h4>Les biosolutions<\/h4><h5>&#038; la Recherche<\/h5><\/div><div class=\"more\"><div class=\"toplay\"><i class=\"fas fa-play\"><\/i><\/div><div class=\"title\"><h4>Webinaire : La Recherche au service des biosolutions<\/h4><\/div><p class=\"grey\">1 h 08 min | Diffus\u00e9 le 16\/05\/2023<\/p><p>Quel impact du terroir et des patraques agricoles sur les champignons endomycorhiziens en viticulture ?<\/p><\/div><\/div><\/a><div class=\"multiple px-1\"><a href=\"https:\/\/agriweb.tv\/index.php\/film\/replay-agrinovembre\/?t=emission&#038;n=webinaire\"><div class=\"thumb\"><img decoding=\"async\" src=\"https:\/\/agriweb.tv\/wp-content\/uploads\/2020\/11\/logo.png\"><\/div><div class=\"title\"><h4>Replay Agrinovembre<\/h4><h5>r\u00e9f\u00e9rence de l&rsquo;agriculture de demain<\/h5><\/div><div class=\"more\"><div class=\"toplay\"><i class=\"fas fa-play\"><\/i><\/div><div class=\"title\"><h4>W\u00e9binaire : Replay Agrinovembre<\/h4><\/div><p class=\"grey\">1 min 30 | Diffus\u00e9 le 10\/11\/2020<\/p><p>REPLAY du direct de Agrinove, la r\u00e9f\u00e9rence de l&rsquo;agriculture de demain<\/p><\/div><\/div><\/a><div class=\"multiple px-1\"><a href=\"https:\/\/agriweb.tv\/index.php\/film\/presentation-de-la-future-pac-2023-et-des-aides-bio\/?t=emission&#038;n=webinaire\"><div class=\"thumb\"><img decoding=\"async\" src=\"https:\/\/agriweb.tv\/wp-content\/uploads\/2022\/05\/PAC-2023-V.jpg\"><\/div><div class=\"title\"><h4>Bio Nouvelle-Aquitaine<\/h4><h5>webconf : future PAC 2023 et aides bio <\/h5><\/div><div class=\"more\"><div class=\"toplay\"><i class=\"fas fa-play\"><\/i><\/div><div class=\"title\"><h4>Replay : pr\u00e9sentation de la PAC et des aides bio<\/h4><\/div><p class=\"grey\">37 min 55 | Diffus\u00e9 le 24\/05\/2022<\/p><p>Bio Nouvelle-Aquitaine\/GAB17 nous propose un d\u00e9cryptage de la future PAC 2023<\/p><\/div><\/div><\/a><div class=\"multiple px-1\"><a href=\"https:\/\/agriweb.tv\/index.php\/film\/comment-gerer-le-black-rot-en-viticulture-biologique\/?t=emission&#038;n=webinaire\"><div class=\"thumb\"><img decoding=\"async\" src=\"https:\/\/agriweb.tv\/wp-content\/uploads\/2022\/05\/Sylvain-Fries-v.jpg\"><\/div><div class=\"title\"><h4>Webconf\u00e9rence<\/h4><h5>Comment g\u00e9rer le Black-rot en viticulture biologique ?<\/h5><\/div><div class=\"more\"><div class=\"toplay\"><i class=\"fas fa-play\"><\/i><\/div><div class=\"title\"><h4>Comment g\u00e9rer le Black-rot en viticulture biologique ?<\/h4><\/div><p class=\"grey\">49 min 35 | Diffus\u00e9 le 22\/05\/2022<\/p><p>Le Black-Rot, Guignardia bidwellii, est une maladie cryptogamique qui s\u2019attaque \u00e0 tous les organes verts de la vigne<\/p><\/div><\/div><\/a><div class=\"multiple px-1\"><a href=\"https:\/\/agriweb.tv\/index.php\/film\/webinaire-du-mercredi-20-mai-formation-des-jeunes-sur-lelevage\/?t=emission&#038;n=webinaire\"><div class=\"thumb\"><img decoding=\"async\" src=\"https:\/\/agriweb.tv\/wp-content\/uploads\/2020\/05\/ch-p.jpg\"><\/div><div class=\"title\"><h4>Webinaire Interco NA<\/h4><h5>Formation des jeunes sur l&rsquo;\u00e9levage<\/h5><\/div><div class=\"more\"><div class=\"toplay\"><i class=\"fas fa-play\"><\/i><\/div><div class=\"title\"><h4>Webinaire Interco NA : formation des jeunes sur l&rsquo;\u00e9levage<\/h4><\/div><p class=\"grey\">1 min 37 | Diffus\u00e9 le 20\/05\/2020<\/p><p>Les races bovines de Nouvelle-Aquitaine et la race Bleue mixte<\/p><\/div><\/div><\/a><div class=\"multiple px-1\"><a href=\"https:\/\/agriweb.tv\/index.php\/film\/semaine-de-la-methanisation-nouvelle-aquitaine-j2\/?t=emission&#038;n=webinaire\"><div class=\"thumb\"><img decoding=\"async\" src=\"https:\/\/agriweb.tv\/wp-content\/uploads\/2020\/12\/METHANE.jpg\"><\/div><div class=\"title\"><h4>Un dispositif \u00e0 l&rsquo;initiative de : <\/h4><h5>M\u00e9thaN-Action, la R\u00e9gion Nouvelle-Aquitaine et l&rsquo;ADEME.<\/h5><\/div><div class=\"more\"><div class=\"toplay\"><i class=\"fas fa-play\"><\/i><\/div><div class=\"title\"><h4>Semaine de la m\u00e9thanisation Nouvelle-Aquitaine &#8211; J2<\/h4><\/div><p class=\"grey\">4 min 30 | Diffus\u00e9 le 08\/12\/2020<\/p><p>Un dispositif \u00e0 l&rsquo;initiative de : M\u00e9thaN-Action, la R\u00e9gion Nouvelle-Aquitaine et l&rsquo;ADEME.<\/p><\/div><\/div><\/a><div class=\"multiple px-1\"><a href=\"https:\/\/agriweb.tv\/index.php\/film\/napero5-circuits-courts-structuration-dune-offre-durable\/?t=emission&#038;n=webinaire\"><div class=\"thumb\"><img decoding=\"async\" src=\"https:\/\/agriweb.tv\/wp-content\/uploads\/2021\/06\/apero-na-3.jpg\"><\/div><div class=\"title\"><h4>Cinqui\u00e8me ap\u00e9ro\u00a0\u00a0Circuits courts<\/h4><h5>d&rsquo;une tendance de consommation \u00e0 la structuration d&rsquo;une offre durable !<\/h5><\/div><div class=\"more\"><div class=\"toplay\"><i class=\"fas fa-play\"><\/i><\/div><div class=\"title\"><h4>#Nap\u00e9ro5 Circuits courts le 9 juin \u00e0 18h30<\/h4><\/div><p class=\"grey\">1 h 30 min | Diffus\u00e9 le 09\/06\/2021<\/p><p>Cinqui\u00e8me ap\u00e9ro\u00a0\u00a0Circuits courts, d&rsquo;une tendance de consommation \u00e0 la structuration d&rsquo;une offre durable !\r\n\r\n<\/p><\/div><\/div><\/a><div class=\"multiple px-1\"><a href=\"https:\/\/agriweb.tv\/index.php\/film\/semaine-de-la-methanisation-nouvelle-aquitaine\/?t=emission&#038;n=webinaire\"><div class=\"thumb\"><img decoding=\"async\" src=\"https:\/\/agriweb.tv\/wp-content\/uploads\/2020\/12\/METHANE-1.jpg\"><\/div><div class=\"title\"><h4>Semaine de la m\u00e9thanisation<\/h4><h5>Nouvelle-Aquitaine<\/h5><\/div><div class=\"more\"><div class=\"toplay\"><i class=\"fas fa-play\"><\/i><\/div><div class=\"title\"><h4>Semaine de la m\u00e9thanisation Nouvelle-Aquitaine<\/h4><\/div><p class=\"grey\">4 h 30 min | Diffus\u00e9 le 07\/12\/2020<\/p><p>Un dispositif \u00e0 l&rsquo;initiative de : M\u00e9thaN-Action, la R\u00e9gion Nouvelle-Aquitaine et l&rsquo;ADEME.<\/p><\/div><\/div><\/a><div class=\"multiple px-1\"><a href=\"https:\/\/agriweb.tv\/index.php\/film\/cultivons-lautonomie-proteique-3rdf-apres-midi\/?t=emission&#038;n=webinaire\"><div class=\"thumb\"><img decoding=\"async\" src=\"https:\/\/agriweb.tv\/wp-content\/uploads\/2020\/12\/Prenez-date_2020_DEF-1.jpg\"><\/div><div class=\"title\"><h4>Les d\u00e9bat de l&rsquo;apr\u00e8s-midi<\/h4><\/div><div class=\"more\"><div class=\"toplay\"><i class=\"fas fa-play\"><\/i><\/div><div class=\"title\"><h4>Cultivons l\u2019autonomie prot\u00e9ique &#8211; 3RDF &#8211; Apr\u00e8s-midi<\/h4><\/div><p class=\"grey\">5 h | Diffus\u00e9 le 15\/12\/2020<\/p><p>Les d\u00e9bat de l&rsquo;apr\u00e8s-midi : Rencontres r\u00e9gionales de la recherche, du d\u00e9veloppement et de la formation (3RDF)<\/p><\/div><\/div><\/a><div class=\"multiple px-1\"><a href=\"https:\/\/agriweb.tv\/index.php\/film\/vinitech-sifel-2020\/?t=emission&#038;n=webinaire\"><div class=\"thumb\"><img decoding=\"async\" src=\"https:\/\/agriweb.tv\/wp-content\/uploads\/2021\/02\/VINITECH.jpg\"><\/div><div class=\"title\"><h4>Keynote d\u2019ouverture<\/h4><h5>L&rsquo;avenir de nos fili\u00e8res<\/h5><\/div><div class=\"more\"><div class=\"toplay\"><i class=\"fas fa-play\"><\/i><\/div><div class=\"title\"><h4>Vinitech Sifel 2020<\/h4><\/div><p class=\"grey\">Diffus\u00e9 le 02\/12\/2020<\/p><p>Keynote d\u2019ouverture avec Eric DULONG, Lydia HERAUD, Philippe MAUGUIN, Pierre PHILIPPE<\/p><\/div><\/div><\/a><div class=\"multiple px-1\"><a href=\"https:\/\/agriweb.tv\/index.php\/film\/a-la-une-salon-caprinov-du-24-au-26-novembre-2020\/?t=emission&#038;n=webinaire\"><div class=\"thumb\"><img decoding=\"async\" src=\"https:\/\/agriweb.tv\/wp-content\/uploads\/2020\/11\/logo-caprinov.jpg\"><\/div><div class=\"title\"><h4>Interview de pr\u00e9sentation<\/h4><h5>Samuel H\u00e9rault, pr\u00e9sident de Capr\u2019Inov<\/h5><\/div><div class=\"more\"><div class=\"toplay\"><i class=\"fas fa-play\"><\/i><\/div><div class=\"title\"><h4>D\u00e9bat du Salon capr&rsquo;Inov du 24 au 26 novembre 2020<\/h4><\/div><p class=\"grey\">1 min 23 | Diffus\u00e9 le 23\/11\/2020<\/p><p>Programme \u00e9dition 100% num\u00e9rique<\/p><\/div><\/div><\/a><div class=\"multiple px-1\"><a href=\"https:\/\/agriweb.tv\/index.php\/film\/economie-zen-quelle-equation-pour-la-chaine-alimentaire\/?t=emission&#038;n=webinaire\"><div class=\"thumb\"><img decoding=\"async\" src=\"https:\/\/agriweb.tv\/wp-content\/uploads\/2021\/03\/LCANA.jpg\"><\/div><div class=\"title\"><h4>Economie ZEN : <\/h4><h5>Quelle \u00e9quation pour la chaine alimentaire ?<\/h5><\/div><div class=\"more\"><div class=\"toplay\"><i class=\"fas fa-play\"><\/i><\/div><div class=\"title\"><h4>Economie ZEN : Quelle \u00e9quation pour la chaine alimentaire ?<\/h4><\/div><p class=\"grey\">5 min 52 | Diffus\u00e9 le 18\/02\/2021<\/p><p>La Coop\u00e9ration Agricole a d\u00e9voil\u00e9 une ambition de neutralit\u00e9 carbone d\u2019ici 2035. <\/p><\/div><\/div><\/a><div class=\"multiple px-1\"><a href=\"https:\/\/agriweb.tv\/index.php\/film\/seminaire-changement-climatique-100-digital\/?t=emission&#038;n=webinaire\"><div class=\"thumb\"><img decoding=\"async\" src=\"https:\/\/agriweb.tv\/wp-content\/uploads\/2020\/11\/AQUA-SOIL.jpg\"><\/div><div class=\"title\"><h4>Le projet RiskAquaSoil<\/h4><h5>Programme Interreg Espace Atlantique<\/h5><\/div><div class=\"more\"><div class=\"toplay\"><i class=\"fas fa-play\"><\/i><\/div><div class=\"title\"><h4>S\u00e9minaire changement climatique 100% digital<\/h4><\/div><p class=\"grey\">4 h | Diffus\u00e9 le 19\/11\/2020<\/p><p>Comment faire face aux impacts du changement climatique<\/p><\/div><\/div><\/a><div class=\"multiple px-1\"><a href=\"https:\/\/agriweb.tv\/index.php\/film\/cultivons-lautonomie-proteique-3rdf-matin\/?t=emission&#038;n=webinaire\"><div class=\"thumb\"><img decoding=\"async\" src=\"https:\/\/agriweb.tv\/wp-content\/uploads\/2020\/12\/3RDF-MATIN.jpg\"><\/div><div class=\"title\"><h4>Cultivons l\u2019autonomie prot\u00e9ique<\/h4><h5>La matinale<\/h5><\/div><div class=\"more\"><div class=\"toplay\"><i class=\"fas fa-play\"><\/i><\/div><div class=\"title\"><h4>Cultivons l\u2019autonomie prot\u00e9ique &#8211; 3RDF &#8211; Matin<\/h4><\/div><p class=\"grey\">2 min 20 | Diffus\u00e9 le 15\/12\/2020<\/p><p>La matinale : Rencontres r\u00e9gionales de la recherche, du d\u00e9veloppement et de la formation (3RDF)<\/p><\/div><\/div><\/a><div class=\"multiple px-1\"><a href=\"https:\/\/agriweb.tv\/index.php\/film\/focus-international-de-la-semaine-de-lagriculture\/?t=emission&#038;n=webinaire\"><div class=\"thumb\"><img decoding=\"async\" src=\"https:\/\/agriweb.tv\/wp-content\/uploads\/2020\/06\/INTERCO-1.jpg\"><\/div><div class=\"title\"><h4>D\u00e9bat avec des \u00e9leveurs espagnols &#8230;<\/h4><h5>&#8230; situations v\u00e9cues pendant la Covid-19<\/h5><\/div><div class=\"more\"><div class=\"toplay\"><i class=\"fas fa-play\"><\/i><\/div><div class=\"title\"><h4>D\u00e9bat et interviews d\u2019\u00e9leveurs espagnols qui nous partagent leurs situation v\u00e9cue pendant la Covid-19<\/h4><\/div><p class=\"grey\">5 min | Diffus\u00e9 le 19\/06\/2020<\/p><p>webinaire anim\u00e9 par Interco Nouvelle-Aquitaine avec des \u00e9tudiants belges, espagnols et fran\u00e7ais<\/p><\/div><\/div><\/a><\/div><script>jQuery(function(){\"use strict\";jQuery(\"#slider-emission-444859561\").slick({dots:false,infinite:true,speed:300,slidesToShow:4,slidesToScroll:1,responsive:[{breakpoint:1024,settings:{slidesToShow:3,slidesToScroll:1}},{breakpoint:600,settings:{slidesToShow:2,slidesToScroll:1}},{breakpoint:480,settings:{slidesToShow:1,slidesToScroll:1}}]});});<\/script><\/div>\n\n<div class=\"lazyblock-bandeau-18mzSj wp-block-lazyblock-bandeau\"><div class=\"row pb-3 bandeau\"><div class=\"col\"><h3>EQUI AGRIWEB<\/h3><p>Toute l&#039;actualit\u00e9 li\u00e9e aux fili\u00e8res \u00e9quines avec l&#039;association des \u00e9quid\u00e9s de Nouvelle-Aquitaine<\/p><\/div><div class=\"col-2\"><a href=\"https:\/\/agriweb.tv\/index.php\/emission\/equi\/\" class=\"btn btn-custom bg-green mt-1\"><i class=\"fas fa-play\"><\/i> D\u00e9couvrir<\/a><\/div><\/div><div class=\"row row-cols-2 no-gutters mb-5 bg-white bandeau\"><div class=\"col-md-3 p-3 bandeau-txt\"><div><p><img loading=\"lazy\" decoding=\"async\" class=\"alignnone  wp-image-165\" src=\"https:\/\/agriweb.tv\/wp-content\/uploads\/2020\/11\/test1.png\" alt=\"\" width=\"123\" height=\"120\" \/><\/p>\n<p>L\u2019Hippodrome du Pont-Long situ\u00e9 \u00e0 Pau dans les Pyr\u00e9n\u00e9es-Atlantiques, a d\u00e9cid\u00e9 de vous pr\u00e9senter ses entra\u00eeneurs du domaine de Sers \u00e0 travers leur histoire.<br \/><br \/>Et aussi, pr\u00e9sentations des races locales de Nouvelle-Aquitaine : l\u2019anglo-arabe, le Trait Poitevin Mulassier, le Baudet du Poitou, la mule des Pyr\u00e9n\u00e9es, le Pottok, petit cheval du Pays basque, &#8230;<\/p>\n<div class=\"info-top\"><span class=\"duration\"><i class=\"fa fa-clock-o\"><\/i>\u00a03 minutes<\/span><\/div><\/div><\/div><div class=\"col-md-9 bandeau-img\"><img decoding=\"async\" src=\"https:\/\/agriweb.tv\/wp-content\/uploads\/2021\/01\/EQUIAGRI-1.jpg\" alt=\"\"><\/div><\/div><\/div>\n\n\n<p><\/p>\n","protected":false},"excerpt":{"rendered":"<p>Agriweb TV \u00e9tait \u00e0&nbsp;Tech Ovin&nbsp;2021 ces 8 et 9 septembre \u00e0 Bellac en Haute-Vienne. Des vid\u00e9os \u00e0 suivre ici et \u00e0 retrouver et sur les r\u00e9seaux sociaux du Salon de l&rsquo;Agriculture Nouvelle-Aquitaine Claude Souchaud, le pr\u00e9sident, nous fait d\u00e9couvrir ce salon national du mouton&nbsp; Michel Bataille, \u00e9leveur ovin en Creuse \ud83c\udfa5 Dans les all\u00e9es de [&hellip;]<\/p>\n","protected":false},"author":1,"featured_media":0,"parent":0,"menu_order":0,"comment_status":"closed","ping_status":"closed","template":"","meta":{"_acf_changed":false,"footnotes":""},"acf":[],"yoast_head":"<!-- This site is optimized with the Yoast SEO plugin v20.7 - https:\/\/yoast.com\/wordpress\/plugins\/seo\/ -->\n<title>Revivre Tech Ovin \u00e0 Bellac en Haute-Vienne - AGRIWEB TV<\/title>\n<meta name=\"description\" content=\"Agriweb : site officiel d&#039;information sur l&#039;agriculture de Nouvelle-Aquitaine, t\u00e9moignages, d\u00e9bats, ...\" \/>\n<meta name=\"robots\" content=\"index, follow, max-snippet:-1, max-image-preview:large, max-video-preview:-1\" \/>\n<link rel=\"canonical\" href=\"https:\/\/agriweb.tv\/index.php\/revivre-tech-ovin-a-bellac-en-haute-vienne\/\" \/>\n<meta property=\"og:locale\" content=\"fr_FR\" \/>\n<meta property=\"og:type\" content=\"article\" \/>\n<meta property=\"og:title\" content=\"Revivre Tech Ovin \u00e0 Bellac en Haute-Vienne - AGRIWEB TV\" \/>\n<meta property=\"og:description\" content=\"Agriweb : site officiel d&#039;information sur l&#039;agriculture de Nouvelle-Aquitaine, t\u00e9moignages, d\u00e9bats, ...\" \/>\n<meta property=\"og:url\" content=\"https:\/\/agriweb.tv\/index.php\/revivre-tech-ovin-a-bellac-en-haute-vienne\/\" \/>\n<meta property=\"og:site_name\" content=\"AGRIWEB TV\" \/>\n<meta property=\"article:publisher\" content=\"https:\/\/www.facebook.com\/SalondelagricultureNouvelleAquitaine\/\" \/>\n<meta property=\"article:modified_time\" content=\"2021-09-11T14:26:43+00:00\" \/>\n<meta property=\"og:image\" content=\"https:\/\/static.xx.fbcdn.net\/images\/emoji.php\/v9\/tc5\/1.5\/16\/1f411.png\" \/>\n<meta name=\"twitter:card\" content=\"summary_large_image\" \/>\n<meta name=\"twitter:site\" content=\"@Agri_Aquitaine\" \/>\n<meta name=\"twitter:label1\" content=\"Dur\u00e9e de lecture estim\u00e9e\" \/>\n\t<meta name=\"twitter:data1\" content=\"2 minutes\" \/>\n<script type=\"application\/ld+json\" class=\"yoast-schema-graph\">{\"@context\":\"https:\/\/schema.org\",\"@graph\":[{\"@type\":\"WebPage\",\"@id\":\"https:\/\/agriweb.tv\/index.php\/revivre-tech-ovin-a-bellac-en-haute-vienne\/\",\"url\":\"https:\/\/agriweb.tv\/index.php\/revivre-tech-ovin-a-bellac-en-haute-vienne\/\",\"name\":\"Revivre Tech Ovin \u00e0 Bellac en Haute-Vienne - AGRIWEB TV\",\"isPartOf\":{\"@id\":\"https:\/\/agriweb.tv\/#website\"},\"datePublished\":\"2021-09-11T13:35:20+00:00\",\"dateModified\":\"2021-09-11T14:26:43+00:00\",\"description\":\"Agriweb : site officiel d'information sur l'agriculture de Nouvelle-Aquitaine, t\u00e9moignages, d\u00e9bats, ...\",\"breadcrumb\":{\"@id\":\"https:\/\/agriweb.tv\/index.php\/revivre-tech-ovin-a-bellac-en-haute-vienne\/#breadcrumb\"},\"inLanguage\":\"fr-FR\",\"potentialAction\":[{\"@type\":\"ReadAction\",\"target\":[\"https:\/\/agriweb.tv\/index.php\/revivre-tech-ovin-a-bellac-en-haute-vienne\/\"]}]},{\"@type\":\"BreadcrumbList\",\"@id\":\"https:\/\/agriweb.tv\/index.php\/revivre-tech-ovin-a-bellac-en-haute-vienne\/#breadcrumb\",\"itemListElement\":[{\"@type\":\"ListItem\",\"position\":1,\"name\":\"Accueil\",\"item\":\"https:\/\/agriweb.tv\/\"},{\"@type\":\"ListItem\",\"position\":2,\"name\":\"Revivre Tech Ovin \u00e0 Bellac en Haute-Vienne\"}]},{\"@type\":\"WebSite\",\"@id\":\"https:\/\/agriweb.tv\/#website\",\"url\":\"https:\/\/agriweb.tv\/\",\"name\":\"AGRIWEB TV\",\"description\":\"Parlons agricultures en Nouvelle-Aquitaine\",\"potentialAction\":[{\"@type\":\"SearchAction\",\"target\":{\"@type\":\"EntryPoint\",\"urlTemplate\":\"https:\/\/agriweb.tv\/?s={search_term_string}\"},\"query-input\":\"required name=search_term_string\"}],\"inLanguage\":\"fr-FR\"}]}<\/script>\n<!-- \/ Yoast SEO plugin. -->","yoast_head_json":{"title":"Revivre Tech Ovin \u00e0 Bellac en Haute-Vienne - AGRIWEB TV","description":"Agriweb : site officiel d'information sur l'agriculture de Nouvelle-Aquitaine, t\u00e9moignages, d\u00e9bats, ...","robots":{"index":"index","follow":"follow","max-snippet":"max-snippet:-1","max-image-preview":"max-image-preview:large","max-video-preview":"max-video-preview:-1"},"canonical":"https:\/\/agriweb.tv\/index.php\/revivre-tech-ovin-a-bellac-en-haute-vienne\/","og_locale":"fr_FR","og_type":"article","og_title":"Revivre Tech Ovin \u00e0 Bellac en Haute-Vienne - AGRIWEB TV","og_description":"Agriweb : site officiel d'information sur l'agriculture de Nouvelle-Aquitaine, t\u00e9moignages, d\u00e9bats, ...","og_url":"https:\/\/agriweb.tv\/index.php\/revivre-tech-ovin-a-bellac-en-haute-vienne\/","og_site_name":"AGRIWEB TV","article_publisher":"https:\/\/www.facebook.com\/SalondelagricultureNouvelleAquitaine\/","article_modified_time":"2021-09-11T14:26:43+00:00","og_image":[{"url":"https:\/\/static.xx.fbcdn.net\/images\/emoji.php\/v9\/tc5\/1.5\/16\/1f411.png"}],"twitter_card":"summary_large_image","twitter_site":"@Agri_Aquitaine","twitter_misc":{"Dur\u00e9e de lecture estim\u00e9e":"2 minutes"},"schema":{"@context":"https:\/\/schema.org","@graph":[{"@type":"WebPage","@id":"https:\/\/agriweb.tv\/index.php\/revivre-tech-ovin-a-bellac-en-haute-vienne\/","url":"https:\/\/agriweb.tv\/index.php\/revivre-tech-ovin-a-bellac-en-haute-vienne\/","name":"Revivre Tech Ovin \u00e0 Bellac en Haute-Vienne - AGRIWEB TV","isPartOf":{"@id":"https:\/\/agriweb.tv\/#website"},"datePublished":"2021-09-11T13:35:20+00:00","dateModified":"2021-09-11T14:26:43+00:00","description":"Agriweb : site officiel d'information sur l'agriculture de Nouvelle-Aquitaine, t\u00e9moignages, d\u00e9bats, ...","breadcrumb":{"@id":"https:\/\/agriweb.tv\/index.php\/revivre-tech-ovin-a-bellac-en-haute-vienne\/#breadcrumb"},"inLanguage":"fr-FR","potentialAction":[{"@type":"ReadAction","target":["https:\/\/agriweb.tv\/index.php\/revivre-tech-ovin-a-bellac-en-haute-vienne\/"]}]},{"@type":"BreadcrumbList","@id":"https:\/\/agriweb.tv\/index.php\/revivre-tech-ovin-a-bellac-en-haute-vienne\/#breadcrumb","itemListElement":[{"@type":"ListItem","position":1,"name":"Accueil","item":"https:\/\/agriweb.tv\/"},{"@type":"ListItem","position":2,"name":"Revivre Tech Ovin \u00e0 Bellac en Haute-Vienne"}]},{"@type":"WebSite","@id":"https:\/\/agriweb.tv\/#website","url":"https:\/\/agriweb.tv\/","name":"AGRIWEB TV","description":"Parlons agricultures en Nouvelle-Aquitaine","potentialAction":[{"@type":"SearchAction","target":{"@type":"EntryPoint","urlTemplate":"https:\/\/agriweb.tv\/?s={search_term_string}"},"query-input":"required name=search_term_string"}],"inLanguage":"fr-FR"}]}},"_links":{"self":[{"href":"https:\/\/agriweb.tv\/index.php\/wp-json\/wp\/v2\/pages\/4862"}],"collection":[{"href":"https:\/\/agriweb.tv\/index.php\/wp-json\/wp\/v2\/pages"}],"about":[{"href":"https:\/\/agriweb.tv\/index.php\/wp-json\/wp\/v2\/types\/page"}],"author":[{"embeddable":true,"href":"https:\/\/agriweb.tv\/index.php\/wp-json\/wp\/v2\/users\/1"}],"replies":[{"embeddable":true,"href":"https:\/\/agriweb.tv\/index.php\/wp-json\/wp\/v2\/comments?post=4862"}],"version-history":[{"count":16,"href":"https:\/\/agriweb.tv\/index.php\/wp-json\/wp\/v2\/pages\/4862\/revisions"}],"predecessor-version":[{"id":4981,"href":"https:\/\/agriweb.tv\/index.php\/wp-json\/wp\/v2\/pages\/4862\/revisions\/4981"}],"wp:attachment":[{"href":"https:\/\/agriweb.tv\/index.php\/wp-json\/wp\/v2\/media?parent=4862"}],"curies":[{"name":"wp","href":"https:\/\/api.w.org\/{rel}","templated":true}]}}